{"id":6417,"date":"2021-04-15T15:39:41","date_gmt":"2021-04-15T15:39:41","guid":{"rendered":"https:\/\/photowalks.pt\/?page_id=6417"},"modified":"2022-03-14T14:47:52","modified_gmt":"2022-03-14T14:47:52","slug":"night-photography-walking-tour-in-lisbon","status":"publish","type":"page","link":"https:\/\/photowalks.pt\/fr\/tours-et-ateliers-de-photographie\/decouvrez-lisbonne-avec-un-photographe-edition-du-matin\/","title":{"rendered":"Tour de Photographie Nocturne \u00e0 Lisbonne"},"content":{"rendered":"<div style=\"height:25px\" aria-hidden=\"true\" class=\"wp-block-spacer\"><\/div>\n\n\n\n<h2 class=\"wp-block-heading\" id=\"h-night-photography-walking-tour-in-lisbon\">Tour de Photographie Nocturne \u00e0 Lisbonne<\/h2>\n\n\n\n<h3 class=\"wp-block-heading\" id=\"h-photograph-lisbon-by-night-with-the-guidance-of-a-professional-photographer\">Photographier Lisbonne la nuit avec les conseils d'un photographe professionnel<\/h3>\n\n\n\n<div style=\"height:25px\" aria-hidden=\"true\" class=\"wp-block-spacer\"><\/div>\n\n\n\n<div class=\"wp-block-columns is-layout-flex wp-container-core-columns-is-layout-9d6595d7 wp-block-columns-is-layout-flex\">\n<div class=\"wp-block-column is-vertically-aligned-top is-layout-flow wp-block-column-is-layout-flow\">\n<h2 class=\"has-col-e-0-b-13-a-color has-text-color wp-block-heading\" id=\"h-from-45\"><mark style=\"background-color:rgba(0, 0, 0, 0)\" class=\"has-inline-color has-col-e-0-b-13-a-color\">FROM 45\u20ac<\/mark><\/h2>\n\n\n\n<h3 class=\"has-col-e-0-b-13-a-color has-text-color wp-block-heading\" id=\"h-private-groups-from-90\"><mark style=\"background-color:rgba(0, 0, 0, 0)\" class=\"has-inline-color has-col-e-0-b-13-a-color\">Groupes priv\u00e9s \u00e0 partir de 90\u20ac<\/mark><\/h3>\n\n\n\n<div style=\"height:1px\" aria-hidden=\"true\" class=\"wp-block-spacer\"><\/div>\n\n\n\n<script type=\"text\/javascript\" src=\"https:\/\/widgets.bokun.io\/assets\/javascripts\/apps\/build\/BokunWidgetsLoader.js?bookingChannelUUID=a3456de4-a298-4af6-97d1-dff900383d18\" async=\"\"><\/script>\n      <style> #bokun_8268b04b_b129_4502_8afa_057c667f3b15 { display: inline-block; padding: 10px 20px; background: #e0b13a; border-radius: 5px; box-shadow: none; font-weight: 600; font-size: 16px; text-decoration: none; text-align: center; color: #FFFFFF; font-family: sans-serif; border:none; cursor: pointer; } #bokun_8268b04b_b129_4502_8afa_057c667f3b15:hover{ background: #b2871c; } #bokun_8268b04b_b129_4502_8afa_057c667f3b15:active{ background: #c8981f; } <\/style> <button class=\"bokunButton\" disabled=\"\" id=\"bokun_8268b04b_b129_4502_8afa_057c667f3b15\" data-src=\"https:\/\/widgets.bokun.io\/online-sales\/a3456de4-a298-4af6-97d1-dff900383d18\/experience-calendar\/446028?partialView=1\" data-testid=\"widget-book-button\"> R\u00e9servez maintenant <\/button>\n\n\n\n<div style=\"height:25px\" aria-hidden=\"true\" class=\"wp-block-spacer\"><\/div>\n\n\n\n<h3 class=\"wp-block-heading\" id=\"h-description\">Description<\/h3>\n\n\n\n<p>We meet for this Night Photography Walking Tour in Lisbon in the late afternoon for the blue hour shots from a privileged spot. The goal will be to shoot images of the Lisbon skyline with lights on and some cool deep blue sky. After, we will be walking through alleys and staircases while working with calm and produce beautiful&nbsp;images while keeping a good chat about photography and the city.&nbsp;Photography tuition is offered along with the experience, helping guests achieve better results. Miguel will give practical tips and feedback on guest&#8217;s results. Also, he will be addressing themes like camera settings, composition, and others depending on guest&#8217;s personal&nbsp;preferences, goals, and needs.<\/p>\n\n\n\n<p>Cette exp\u00e9rience consiste \u00e0 cr\u00e9er de belles images \u00e0 emporter chez soi et \u00e0 apprendre quelques conseils et techniques pour vous aider \u00e0 ma\u00eetriser ces prises de vue nocturnes parfois difficiles.<\/p>\n\n\n\n<p>Si vous n'avez pas envie d'\u00eatre une personne de la nuit, pas de probl\u00e8me, jetez un coup d'\u0153il \u00e0 nos <a href=\"https:\/\/photowalks.pt\/fr\/photography-tours-and-workshops\/discover-lisbon-with-a-photographer-afternoon-edition\/\">D\u00e9couvrez Lisbonne avec un photographe - Edition de l'apr\u00e8s-midi<\/a> ou notre <a href=\"https:\/\/photowalks.pt\/fr\/photography-tours-and-workshops\/discover-lisbon-with-a-photographer-morning-edition\/\">D\u00e9couvrez Lisbonne avec un photographe - Edition du matin<\/a> et vous trouverez quelque chose qui correspond \u00e0 votre humeur.<\/p>\n\n\n\n<div class=\"wp-block-group\"><div class=\"wp-block-group__inner-container is-layout-flow wp-block-group-is-layout-flow\">\n<div class=\"wp-block-group\"><div class=\"wp-block-group__inner-container is-layout-flow wp-block-group-is-layout-flow\">\n<div style=\"height:25px\" aria-hidden=\"true\" class=\"wp-block-spacer\"><\/div>\n<\/div><\/div>\n<\/div><\/div>\n\n\n\n<div class=\"wp-block-columns are-vertically-aligned-top is-layout-flex wp-container-core-columns-is-layout-9d6595d7 wp-block-columns-is-layout-flex\">\n<div class=\"wp-block-column is-vertically-aligned-top is-layout-flow wp-block-column-is-layout-flow\">\n<h4 class=\"wp-block-heading\" id=\"h-experience-type\">Type d'exp\u00e9rience<\/h4>\n\n\n\n<p>Tour\/activit\u00e9 d'une journ\u00e9e<\/p>\n\n\n\n<h4 class=\"wp-block-heading\" id=\"h-book-in-advance\">R\u00e9server \u00e0 l'avance<\/h4>\n\n\n\n<p>Limite : 8 heures<\/p>\n\n\n\n<h4 class=\"wp-block-heading\" id=\"h-duration\">Duration<\/h4>\n\n\n\n<p>3 heures<\/p>\n<\/div>\n\n\n\n<div class=\"wp-block-column is-vertically-aligned-top is-layout-flow wp-block-column-is-layout-flow\">\n<h4 class=\"wp-block-heading\" id=\"h-difficulty\">Difficult\u00e9<\/h4>\n\n\n\n<p>Facile<\/p>\n\n\n\n<h4 class=\"wp-block-heading\" id=\"h-what-s-included\">Qu'est-ce qui est inclus?<\/h4>\n\n\n\n<p><\/p>\n\n\n\n<ul class=\"wp-block-list\"><li>Small group (max. 4 photographers)<\/li><li>Guid\u00e9e par le photographe local <a href=\"https:\/\/www.miguelangelosilva.com\">Miguel Angelo Silva<\/a><\/li><li>Cours de photographie inclus<\/li><\/ul>\n\n\n\n<h4 class=\"wp-block-heading\" id=\"h-exclusions\">Exclusions<\/h4>\n\n\n\n<ul class=\"wp-block-list\"><li>Nourriture et boissons<\/li><li>Droits d'entr\u00e9e ou d'admission<\/li><\/ul>\n<\/div>\n<\/div>\n\n\n\n<div class=\"wp-block-columns is-layout-flex wp-container-core-columns-is-layout-9d6595d7 wp-block-columns-is-layout-flex\">\n<div class=\"wp-block-column is-layout-flow wp-block-column-is-layout-flow\">\n<figure class=\"wp-block-gallery has-nested-images columns-4 is-cropped wp-block-gallery-2 is-layout-flex wp-block-gallery-is-layout-flex\">\n<figure class=\"wp-block-image size-medium\"><a href=\"https:\/\/photowalks.pt\/wp-content\/uploads\/2021\/05\/Lisbon_Tram_MAS28778.jpg\"><img decoding=\"async\" width=\"600\" height=\"400\" data-id=\"6423\" src=\"https:\/\/photowalks.pt\/wp-content\/uploads\/2021\/05\/Lisbon_Tram_MAS28778-600x400.jpg\" alt=\"Tour photographique de nuit \u00e0 Lisbonne\" class=\"wp-image-6423\" srcset=\"https:\/\/photowalks.pt\/wp-content\/uploads\/2021\/05\/Lisbon_Tram_MAS28778-600x400.jpg 600w, https:\/\/photowalks.pt\/wp-content\/uploads\/2021\/05\/Lisbon_Tram_MAS28778-1030x687.jpg 1030w, https:\/\/photowalks.pt\/wp-content\/uploads\/2021\/05\/Lisbon_Tram_MAS28778-80x53.jpg 80w, https:\/\/photowalks.pt\/wp-content\/uploads\/2021\/05\/Lisbon_Tram_MAS28778-768x512.jpg 768w, https:\/\/photowalks.pt\/wp-content\/uploads\/2021\/05\/Lisbon_Tram_MAS28778-16x12.jpg 16w, https:\/\/photowalks.pt\/wp-content\/uploads\/2021\/05\/Lisbon_Tram_MAS28778-705x470.jpg 705w, https:\/\/photowalks.pt\/wp-content\/uploads\/2021\/05\/Lisbon_Tram_MAS28778-1020x680.jpg 1020w, https:\/\/photowalks.pt\/wp-content\/uploads\/2021\/05\/Lisbon_Tram_MAS28778-450x300.jpg 450w, https:\/\/photowalks.pt\/wp-content\/uploads\/2021\/05\/Lisbon_Tram_MAS28778-800x533.jpg 800w, https:\/\/photowalks.pt\/wp-content\/uploads\/2021\/05\/Lisbon_Tram_MAS28778.jpg 1200w\" sizes=\"(max-width: 600px) 100vw, 600px\" \/><\/a><\/figure>\n\n\n\n<figure class=\"wp-block-image size-medium\"><a href=\"https:\/\/photowalks.pt\/wp-content\/uploads\/2021\/05\/MAS21306-Edit.jpg\"><img decoding=\"async\" width=\"600\" height=\"401\" data-id=\"6424\" src=\"https:\/\/photowalks.pt\/wp-content\/uploads\/2021\/05\/MAS21306-Edit-600x401.jpg\" alt=\"Tour photographique de nuit \u00e0 Lisbonne\" class=\"wp-image-6424\" srcset=\"https:\/\/photowalks.pt\/wp-content\/uploads\/2021\/05\/MAS21306-Edit-600x401.jpg 600w, https:\/\/photowalks.pt\/wp-content\/uploads\/2021\/05\/MAS21306-Edit-1030x688.jpg 1030w, https:\/\/photowalks.pt\/wp-content\/uploads\/2021\/05\/MAS21306-Edit-80x53.jpg 80w, https:\/\/photowalks.pt\/wp-content\/uploads\/2021\/05\/MAS21306-Edit-768x513.jpg 768w, https:\/\/photowalks.pt\/wp-content\/uploads\/2021\/05\/MAS21306-Edit-16x12.jpg 16w, https:\/\/photowalks.pt\/wp-content\/uploads\/2021\/05\/MAS21306-Edit-705x471.jpg 705w, https:\/\/photowalks.pt\/wp-content\/uploads\/2021\/05\/MAS21306-Edit-1019x680.jpg 1019w, https:\/\/photowalks.pt\/wp-content\/uploads\/2021\/05\/MAS21306-Edit-450x300.jpg 450w, https:\/\/photowalks.pt\/wp-content\/uploads\/2021\/05\/MAS21306-Edit-800x534.jpg 800w, https:\/\/photowalks.pt\/wp-content\/uploads\/2021\/05\/MAS21306-Edit.jpg 1200w\" sizes=\"(max-width: 600px) 100vw, 600px\" \/><\/a><\/figure>\n\n\n\n<figure class=\"wp-block-image size-medium\"><a href=\"https:\/\/photowalks.pt\/wp-content\/uploads\/2021\/05\/MAS26358-2.jpg\"><img decoding=\"async\" width=\"600\" height=\"402\" data-id=\"6425\" src=\"https:\/\/photowalks.pt\/wp-content\/uploads\/2021\/05\/MAS26358-2-600x402.jpg\" alt=\"Tour photographique de nuit \u00e0 Lisbonne\" class=\"wp-image-6425\" srcset=\"https:\/\/photowalks.pt\/wp-content\/uploads\/2021\/05\/MAS26358-2-600x402.jpg 600w, https:\/\/photowalks.pt\/wp-content\/uploads\/2021\/05\/MAS26358-2-1030x689.jpg 1030w, https:\/\/photowalks.pt\/wp-content\/uploads\/2021\/05\/MAS26358-2-80x54.jpg 80w, https:\/\/photowalks.pt\/wp-content\/uploads\/2021\/05\/MAS26358-2-768x514.jpg 768w, https:\/\/photowalks.pt\/wp-content\/uploads\/2021\/05\/MAS26358-2-16x12.jpg 16w, https:\/\/photowalks.pt\/wp-content\/uploads\/2021\/05\/MAS26358-2-705x472.jpg 705w, https:\/\/photowalks.pt\/wp-content\/uploads\/2021\/05\/MAS26358-2-1016x680.jpg 1016w, https:\/\/photowalks.pt\/wp-content\/uploads\/2021\/05\/MAS26358-2-450x301.jpg 450w, https:\/\/photowalks.pt\/wp-content\/uploads\/2021\/05\/MAS26358-2-800x535.jpg 800w, https:\/\/photowalks.pt\/wp-content\/uploads\/2021\/05\/MAS26358-2-uai-720x482.jpg 720w, https:\/\/photowalks.pt\/wp-content\/uploads\/2021\/05\/MAS26358-2-uai-1032x691.jpg 1032w, https:\/\/photowalks.pt\/wp-content\/uploads\/2021\/05\/MAS26358-2.jpg 1200w\" sizes=\"(max-width: 600px) 100vw, 600px\" \/><\/a><\/figure>\n\n\n\n<figure class=\"wp-block-image size-medium\"><a href=\"https:\/\/photowalks.pt\/wp-content\/uploads\/2021\/05\/MAS23330-2.jpg\"><img decoding=\"async\" width=\"600\" height=\"400\" data-id=\"6426\" src=\"https:\/\/photowalks.pt\/wp-content\/uploads\/2021\/05\/MAS23330-2-600x400.jpg\" alt=\"Tour photographique de nuit \u00e0 Lisbonne\" class=\"wp-image-6426\" srcset=\"https:\/\/photowalks.pt\/wp-content\/uploads\/2021\/05\/MAS23330-2-600x400.jpg 600w, https:\/\/photowalks.pt\/wp-content\/uploads\/2021\/05\/MAS23330-2-1030x687.jpg 1030w, https:\/\/photowalks.pt\/wp-content\/uploads\/2021\/05\/MAS23330-2-80x53.jpg 80w, https:\/\/photowalks.pt\/wp-content\/uploads\/2021\/05\/MAS23330-2-768x512.jpg 768w, https:\/\/photowalks.pt\/wp-content\/uploads\/2021\/05\/MAS23330-2-16x12.jpg 16w, https:\/\/photowalks.pt\/wp-content\/uploads\/2021\/05\/MAS23330-2-705x470.jpg 705w, https:\/\/photowalks.pt\/wp-content\/uploads\/2021\/05\/MAS23330-2-1020x680.jpg 1020w, https:\/\/photowalks.pt\/wp-content\/uploads\/2021\/05\/MAS23330-2-450x300.jpg 450w, https:\/\/photowalks.pt\/wp-content\/uploads\/2021\/05\/MAS23330-2-800x533.jpg 800w, https:\/\/photowalks.pt\/wp-content\/uploads\/2021\/05\/MAS23330-2.jpg 1200w\" sizes=\"(max-width: 600px) 100vw, 600px\" \/><\/a><\/figure>\n<\/figure>\n<\/div>\n<\/div>\n\n\n\n<h3 class=\"wp-block-heading\" id=\"h-please-note\">Veuillez noter que<\/h3>\n\n\n\n<ul class=\"wp-block-list\"><li>Les participants peuvent utiliser n'importe quel type d'appareil photo et\/ou de t\u00e9l\u00e9phone intelligent.<\/li><li>We provide tuition on photography during this Night Walking Tour, but we can\u2019t teach guests how to use their own camera.&nbsp;Bring your User Manual if you are not comfortable using your camera dials and menus.<\/li><li>Il s'agit d'une activit\u00e9 de marche. Les participants doivent \u00eatre capables de marcher et de se tenir debout pendant toute la dur\u00e9e de l'activit\u00e9.<\/li><li>Des chaussures de marche confortables sont recommand\u00e9es.<\/li><\/ul>\n\n\n\n<h3 class=\"wp-block-heading\" id=\"h-what-do-i-need-to-bring\">Que dois-je apporter?<\/h3>\n\n\n\n<ul class=\"wp-block-list\"><li>Appareil photo ou smart phone<\/li><li>Tr\u00e9pied (utile mais pas obligatoire) Si vous n'en avez pas, faites-le nous savoir, nous pourrons vous en emprunter un si nous en avons un de disponible.<\/li><li>V\u00eatements adapt\u00e9s \u00e0 la m\u00e9t\u00e9o du jour<\/li><li>Des chaussures confortables<\/li><\/ul>\n\n\n\n<h3 class=\"wp-block-heading\" id=\"h-cancellation-policy\">Politique d'annulation<\/h3>\n\n\n\n<ul class=\"wp-block-list\"><li>Toutes les r\u00e9servations sont remboursables \u00e0 100 % en cas d'annulation jusqu'\u00e0 24 heures avant le d\u00e9part du tour.<\/li><li>Nous facturerons des frais d'annulation de 100% si la r\u00e9servation est annul\u00e9e24 heures ou moins avant l'\u00e9v\u00e9nement.<\/li><\/ul>\n\n\n\n<script type=\"text\/javascript\" src=\"https:\/\/widgets.bokun.io\/assets\/javascripts\/apps\/build\/BokunWidgetsLoader.js?bookingChannelUUID=a3456de4-a298-4af6-97d1-dff900383d18\" async=\"\"><\/script>\n      <style> #bokun_8268b04b_b129_4502_8afa_057c667f3b15 { display: inline-block; padding: 10px 20px; background: #e0b13a; border-radius: 5px; box-shadow: none; font-weight: 600; font-size: 16px; text-decoration: none; text-align: center; color: #FFFFFF; font-family: sans-serif; border:none; cursor: pointer; } #bokun_8268b04b_b129_4502_8afa_057c667f3b15:hover{ background: #b2871c; } #bokun_8268b04b_b129_4502_8afa_057c667f3b15:active{ background: #c8981f; } <\/style> <button class=\"bokunButton\" disabled=\"\" id=\"bokun_8268b04b_b129_4502_8afa_057c667f3b15\" data-src=\"https:\/\/widgets.bokun.io\/online-sales\/a3456de4-a298-4af6-97d1-dff900383d18\/experience-calendar\/446028?partialView=1\" data-testid=\"widget-book-button\"> R\u00e9servez maintenant <\/button>\n\n\n\n<p><\/p>\n<\/div>\n<\/div>","protected":false},"excerpt":{"rendered":"<p>Photograph Lisbon by night with the guidance of a professional photographer. Walk the old and most charming neighbourhoods with the comfort of a small group.<\/p>","protected":false},"author":1,"featured_media":6421,"parent":5049,"menu_order":0,"comment_status":"closed","ping_status":"closed","template":"","meta":{"footnotes":""},"class_list":["post-6417","page","type-page","status-publish","has-post-thumbnail","hentry"],"yoast_head":"<!-- This site is optimized with the Yoast SEO plugin v27.4 - https:\/\/yoast.com\/product\/yoast-seo-wordpress\/ -->\n<title>Night Photography Walking Tour in Lisbon - Photowalks.pt - Lisbon Photography Tours<\/title>\n<meta name=\"description\" content=\"Photograph Lisbon through the night with the guidance of a professional photographer in a small group or private photography walking tour\" \/>\n<meta name=\"robots\" content=\"index, follow, max-snippet:-1, max-image-preview:large, max-video-preview:-1\" \/>\n<link rel=\"canonical\" href=\"https:\/\/photowalks.pt\/fr\/photography-tours-and-workshops\/night-photography-walking-tour-in-lisbon\/\" \/>\n<meta property=\"og:locale\" content=\"fr_FR\" \/>\n<meta property=\"og:type\" content=\"article\" \/>\n<meta property=\"og:title\" content=\"Night Photography Walking Tour in Lisbon - Photowalks.pt - Lisbon Photography Tours\" \/>\n<meta property=\"og:description\" content=\"Photograph Lisbon through the night with the guidance of a professional photographer in a small group or private photography walking tour\" \/>\n<meta property=\"og:url\" content=\"https:\/\/photowalks.pt\/fr\/photography-tours-and-workshops\/night-photography-walking-tour-in-lisbon\/\" \/>\n<meta property=\"og:site_name\" content=\"Photowalks.pt - Lisbon Photography Tours\" \/>\n<meta property=\"article:publisher\" content=\"https:\/\/www.facebook.com\/PhotoWalksLisboa\/\" \/>\n<meta property=\"article:modified_time\" content=\"2022-03-14T14:47:52+00:00\" \/>\n<meta property=\"og:image\" content=\"https:\/\/photowalks.pt\/wp-content\/uploads\/2021\/05\/Lisbon_Tram_MAS28778.jpg\" \/>\n\t<meta property=\"og:image:width\" content=\"1200\" \/>\n\t<meta property=\"og:image:height\" content=\"800\" \/>\n\t<meta property=\"og:image:type\" content=\"image\/jpeg\" \/>\n<meta name=\"twitter:card\" content=\"summary_large_image\" \/>\n<meta name=\"twitter:site\" content=\"@PhotowalksPt\" \/>\n<meta name=\"twitter:label1\" content=\"Dur\u00e9e de lecture estim\u00e9e\" \/>\n\t<meta name=\"twitter:data1\" content=\"3 minutes\" \/>\n<script type=\"application\/ld+json\" class=\"yoast-schema-graph\">{\"@context\":\"https:\\\/\\\/schema.org\",\"@graph\":[{\"@type\":\"WebPage\",\"@id\":\"https:\\\/\\\/photowalks.pt\\\/photography-tours-and-workshops\\\/night-photography-walking-tour-in-lisbon\\\/\",\"url\":\"https:\\\/\\\/photowalks.pt\\\/photography-tours-and-workshops\\\/night-photography-walking-tour-in-lisbon\\\/\",\"name\":\"Night Photography Walking Tour in Lisbon - Photowalks.pt - Lisbon Photography Tours\",\"isPartOf\":{\"@id\":\"https:\\\/\\\/photowalks.pt\\\/#website\"},\"primaryImageOfPage\":{\"@id\":\"https:\\\/\\\/photowalks.pt\\\/photography-tours-and-workshops\\\/night-photography-walking-tour-in-lisbon\\\/#primaryimage\"},\"image\":{\"@id\":\"https:\\\/\\\/photowalks.pt\\\/photography-tours-and-workshops\\\/night-photography-walking-tour-in-lisbon\\\/#primaryimage\"},\"thumbnailUrl\":\"https:\\\/\\\/photowalks.pt\\\/wp-content\\\/uploads\\\/2021\\\/05\\\/Miradouro-da-Graca_Lisbon_Hd-2.jpg\",\"datePublished\":\"2021-04-15T15:39:41+00:00\",\"dateModified\":\"2022-03-14T14:47:52+00:00\",\"description\":\"Photograph Lisbon through the night with the guidance of a professional photographer in a small group or private photography walking tour\",\"breadcrumb\":{\"@id\":\"https:\\\/\\\/photowalks.pt\\\/photography-tours-and-workshops\\\/night-photography-walking-tour-in-lisbon\\\/#breadcrumb\"},\"inLanguage\":\"fr-FR\",\"potentialAction\":[{\"@type\":\"ReadAction\",\"target\":[\"https:\\\/\\\/photowalks.pt\\\/photography-tours-and-workshops\\\/night-photography-walking-tour-in-lisbon\\\/\"]}]},{\"@type\":\"ImageObject\",\"inLanguage\":\"fr-FR\",\"@id\":\"https:\\\/\\\/photowalks.pt\\\/photography-tours-and-workshops\\\/night-photography-walking-tour-in-lisbon\\\/#primaryimage\",\"url\":\"https:\\\/\\\/photowalks.pt\\\/wp-content\\\/uploads\\\/2021\\\/05\\\/Miradouro-da-Graca_Lisbon_Hd-2.jpg\",\"contentUrl\":\"https:\\\/\\\/photowalks.pt\\\/wp-content\\\/uploads\\\/2021\\\/05\\\/Miradouro-da-Graca_Lisbon_Hd-2.jpg\",\"width\":1200,\"height\":504},{\"@type\":\"BreadcrumbList\",\"@id\":\"https:\\\/\\\/photowalks.pt\\\/photography-tours-and-workshops\\\/night-photography-walking-tour-in-lisbon\\\/#breadcrumb\",\"itemListElement\":[{\"@type\":\"ListItem\",\"position\":1,\"name\":\"Home\",\"item\":\"https:\\\/\\\/photowalks.pt\\\/\"},{\"@type\":\"ListItem\",\"position\":2,\"name\":\"Lisbon Photography Tours and Workshops\",\"item\":\"https:\\\/\\\/photowalks.pt\\\/photography-tours-and-workshops\\\/\"},{\"@type\":\"ListItem\",\"position\":3,\"name\":\"Night Photography Walking Tour in Lisbon\"}]},{\"@type\":\"WebSite\",\"@id\":\"https:\\\/\\\/photowalks.pt\\\/#website\",\"url\":\"https:\\\/\\\/photowalks.pt\\\/\",\"name\":\"Photowalks.pt - Photography tours and workshops\",\"description\":\"The best photography tours and workshops in Lisbon area and elsewhere.\",\"publisher\":{\"@id\":\"https:\\\/\\\/photowalks.pt\\\/#organization\"},\"potentialAction\":[{\"@type\":\"SearchAction\",\"target\":{\"@type\":\"EntryPoint\",\"urlTemplate\":\"https:\\\/\\\/photowalks.pt\\\/?s={search_term_string}\"},\"query-input\":{\"@type\":\"PropertyValueSpecification\",\"valueRequired\":true,\"valueName\":\"search_term_string\"}}],\"inLanguage\":\"fr-FR\"},{\"@type\":\"Organization\",\"@id\":\"https:\\\/\\\/photowalks.pt\\\/#organization\",\"name\":\"Photowalks.pt\",\"url\":\"https:\\\/\\\/photowalks.pt\\\/\",\"logo\":{\"@type\":\"ImageObject\",\"inLanguage\":\"fr-FR\",\"@id\":\"https:\\\/\\\/photowalks.pt\\\/#\\\/schema\\\/logo\\\/image\\\/\",\"url\":\"https:\\\/\\\/photowalks.pt\\\/wp-content\\\/uploads\\\/2019\\\/05\\\/PW_logo_Hor_black_V2_wp-site.png\",\"contentUrl\":\"https:\\\/\\\/photowalks.pt\\\/wp-content\\\/uploads\\\/2019\\\/05\\\/PW_logo_Hor_black_V2_wp-site.png\",\"width\":1559,\"height\":481,\"caption\":\"Photowalks.pt\"},\"image\":{\"@id\":\"https:\\\/\\\/photowalks.pt\\\/#\\\/schema\\\/logo\\\/image\\\/\"},\"sameAs\":[\"https:\\\/\\\/www.facebook.com\\\/PhotoWalksLisboa\\\/\",\"https:\\\/\\\/x.com\\\/PhotowalksPt\",\"https:\\\/\\\/www.instagram.com\\\/photowalkslisboa\\\/\",\"https:\\\/\\\/www.linkedin.com\\\/company\\\/photowalks-pt\",\"https:\\\/\\\/www.pinterest.pt\\\/miguelangelo1930\\\/\"]}]}<\/script>\n<!-- \/ Yoast SEO plugin. -->","yoast_head_json":{"title":"Night Photography Walking Tour in Lisbon - Photowalks.pt - Lisbon Photography Tours","description":"Photographiez Lisbonne de nuit avec les conseils d'un photographe professionnel en petit groupe ou lors d'un tour priv\u00e9.","robots":{"index":"index","follow":"follow","max-snippet":"max-snippet:-1","max-image-preview":"max-image-preview:large","max-video-preview":"max-video-preview:-1"},"canonical":"https:\/\/photowalks.pt\/fr\/photography-tours-and-workshops\/night-photography-walking-tour-in-lisbon\/","og_locale":"fr_FR","og_type":"article","og_title":"Night Photography Walking Tour in Lisbon - Photowalks.pt - Lisbon Photography Tours","og_description":"Photograph Lisbon through the night with the guidance of a professional photographer in a small group or private photography walking tour","og_url":"https:\/\/photowalks.pt\/fr\/photography-tours-and-workshops\/night-photography-walking-tour-in-lisbon\/","og_site_name":"Photowalks.pt - Lisbon Photography Tours","article_publisher":"https:\/\/www.facebook.com\/PhotoWalksLisboa\/","article_modified_time":"2022-03-14T14:47:52+00:00","og_image":[{"width":1200,"height":800,"url":"https:\/\/photowalks.pt\/wp-content\/uploads\/2021\/05\/Lisbon_Tram_MAS28778.jpg","type":"image\/jpeg"}],"twitter_card":"summary_large_image","twitter_site":"@PhotowalksPt","twitter_misc":{"Dur\u00e9e de lecture estim\u00e9e":"3 minutes"},"schema":{"@context":"https:\/\/schema.org","@graph":[{"@type":"WebPage","@id":"https:\/\/photowalks.pt\/photography-tours-and-workshops\/night-photography-walking-tour-in-lisbon\/","url":"https:\/\/photowalks.pt\/photography-tours-and-workshops\/night-photography-walking-tour-in-lisbon\/","name":"Night Photography Walking Tour in Lisbon - Photowalks.pt - Lisbon Photography Tours","isPartOf":{"@id":"https:\/\/photowalks.pt\/#website"},"primaryImageOfPage":{"@id":"https:\/\/photowalks.pt\/photography-tours-and-workshops\/night-photography-walking-tour-in-lisbon\/#primaryimage"},"image":{"@id":"https:\/\/photowalks.pt\/photography-tours-and-workshops\/night-photography-walking-tour-in-lisbon\/#primaryimage"},"thumbnailUrl":"https:\/\/photowalks.pt\/wp-content\/uploads\/2021\/05\/Miradouro-da-Graca_Lisbon_Hd-2.jpg","datePublished":"2021-04-15T15:39:41+00:00","dateModified":"2022-03-14T14:47:52+00:00","description":"Photographiez Lisbonne de nuit avec les conseils d'un photographe professionnel en petit groupe ou lors d'un tour priv\u00e9.","breadcrumb":{"@id":"https:\/\/photowalks.pt\/photography-tours-and-workshops\/night-photography-walking-tour-in-lisbon\/#breadcrumb"},"inLanguage":"fr-FR","potentialAction":[{"@type":"ReadAction","target":["https:\/\/photowalks.pt\/photography-tours-and-workshops\/night-photography-walking-tour-in-lisbon\/"]}]},{"@type":"ImageObject","inLanguage":"fr-FR","@id":"https:\/\/photowalks.pt\/photography-tours-and-workshops\/night-photography-walking-tour-in-lisbon\/#primaryimage","url":"https:\/\/photowalks.pt\/wp-content\/uploads\/2021\/05\/Miradouro-da-Graca_Lisbon_Hd-2.jpg","contentUrl":"https:\/\/photowalks.pt\/wp-content\/uploads\/2021\/05\/Miradouro-da-Graca_Lisbon_Hd-2.jpg","width":1200,"height":504},{"@type":"BreadcrumbList","@id":"https:\/\/photowalks.pt\/photography-tours-and-workshops\/night-photography-walking-tour-in-lisbon\/#breadcrumb","itemListElement":[{"@type":"ListItem","position":1,"name":"Home","item":"https:\/\/photowalks.pt\/"},{"@type":"ListItem","position":2,"name":"Lisbon Photography Tours and Workshops","item":"https:\/\/photowalks.pt\/photography-tours-and-workshops\/"},{"@type":"ListItem","position":3,"name":"Night Photography Walking Tour in Lisbon"}]},{"@type":"WebSite","@id":"https:\/\/photowalks.pt\/#website","url":"https:\/\/photowalks.pt\/","name":"Photowalks.pt - Tours et Ateliers de Photographie","description":"The best photography tours and workshops in Lisbon area and elsewhere.","publisher":{"@id":"https:\/\/photowalks.pt\/#organization"},"potentialAction":[{"@type":"SearchAction","target":{"@type":"EntryPoint","urlTemplate":"https:\/\/photowalks.pt\/?s={search_term_string}"},"query-input":{"@type":"PropertyValueSpecification","valueRequired":true,"valueName":"search_term_string"}}],"inLanguage":"fr-FR"},{"@type":"Organization","@id":"https:\/\/photowalks.pt\/#organization","name":"Photowalks.pt","url":"https:\/\/photowalks.pt\/","logo":{"@type":"ImageObject","inLanguage":"fr-FR","@id":"https:\/\/photowalks.pt\/#\/schema\/logo\/image\/","url":"https:\/\/photowalks.pt\/wp-content\/uploads\/2019\/05\/PW_logo_Hor_black_V2_wp-site.png","contentUrl":"https:\/\/photowalks.pt\/wp-content\/uploads\/2019\/05\/PW_logo_Hor_black_V2_wp-site.png","width":1559,"height":481,"caption":"Photowalks.pt"},"image":{"@id":"https:\/\/photowalks.pt\/#\/schema\/logo\/image\/"},"sameAs":["https:\/\/www.facebook.com\/PhotoWalksLisboa\/","https:\/\/x.com\/PhotowalksPt","https:\/\/www.instagram.com\/photowalkslisboa\/","https:\/\/www.linkedin.com\/company\/photowalks-pt","https:\/\/www.pinterest.pt\/miguelangelo1930\/"]}]}},"_links":{"self":[{"href":"https:\/\/photowalks.pt\/fr\/wp-json\/wp\/v2\/pages\/6417","targetHints":{"allow":["GET"]}}],"collection":[{"href":"https:\/\/photowalks.pt\/fr\/wp-json\/wp\/v2\/pages"}],"about":[{"href":"https:\/\/photowalks.pt\/fr\/wp-json\/wp\/v2\/types\/page"}],"author":[{"embeddable":true,"href":"https:\/\/photowalks.pt\/fr\/wp-json\/wp\/v2\/users\/1"}],"replies":[{"embeddable":true,"href":"https:\/\/photowalks.pt\/fr\/wp-json\/wp\/v2\/comments?post=6417"}],"version-history":[{"count":13,"href":"https:\/\/photowalks.pt\/fr\/wp-json\/wp\/v2\/pages\/6417\/revisions"}],"predecessor-version":[{"id":6675,"href":"https:\/\/photowalks.pt\/fr\/wp-json\/wp\/v2\/pages\/6417\/revisions\/6675"}],"up":[{"embeddable":true,"href":"https:\/\/photowalks.pt\/fr\/wp-json\/wp\/v2\/pages\/5049"}],"wp:featuredmedia":[{"embeddable":true,"href":"https:\/\/photowalks.pt\/fr\/wp-json\/wp\/v2\/media\/6421"}],"wp:attachment":[{"href":"https:\/\/photowalks.pt\/fr\/wp-json\/wp\/v2\/media?parent=6417"}],"curies":[{"name":"wp","href":"https:\/\/api.w.org\/{rel}","templated":true}]}}