{"id":6472,"date":"2021-04-15T15:39:41","date_gmt":"2021-04-15T15:39:41","guid":{"rendered":"https:\/\/photowalks.pt\/?page_id=6472"},"modified":"2022-11-18T13:13:49","modified_gmt":"2022-11-18T13:13:49","slug":"discover-lisbon-with-a-photographer-afternoon-edition","status":"publish","type":"page","link":"https:\/\/photowalks.pt\/fr\/tours-et-ateliers-de-photographie\/decouvrez-lisbonne-avec-un-photographe-edition-de-apres-midi\/","title":{"rendered":"Private Discover Lisbon with a Photographer &#8211; Afternoon Edition"},"content":{"rendered":"<div style=\"height:25px\" aria-hidden=\"true\" class=\"wp-block-spacer\"><\/div>\n\n\n\n<h2 class=\"wp-block-heading\" id=\"h-discover-lisbon-with-a-photographer-afternoon-edition\">Private Discover Lisbon with a Photographer &#8211; Afternoon Edition<\/h2>\n\n\n\n<h3 class=\"wp-block-heading\" id=\"h-photography-walking-tour-through-lisbon-s-old-neighbourhoods-with-the-guidance-of-a-professional-photographer\">Private Photography walking tour through Lisbon&#8217;s old neighbourhoods with the guidance of a professional photographer<\/h3>\n\n\n\n<div style=\"height:25px\" aria-hidden=\"true\" class=\"wp-block-spacer\"><\/div>\n\n\n\n<div class=\"wp-block-columns is-layout-flex wp-container-core-columns-is-layout-9d6595d7 wp-block-columns-is-layout-flex\">\n<div class=\"wp-block-column is-vertically-aligned-top is-layout-flow wp-block-column-is-layout-flow\">\n<h2 class=\"has-col-e-0-b-13-a-color has-text-color wp-block-heading\" id=\"h-from-38\"><mark style=\"background-color:rgba(0, 0, 0, 0)\" class=\"has-inline-color has-col-e-0-b-13-a-color\">FROM 90\u20ac<\/mark><\/h2>\n\n\n\n<div style=\"height:1px\" aria-hidden=\"true\" class=\"wp-block-spacer\"><\/div>\n\n\n\n<script type=\"text\/javascript\" src=\"https:\/\/widgets.bokun.io\/assets\/javascripts\/apps\/build\/BokunWidgetsLoader.js?bookingChannelUUID=a3456de4-a298-4af6-97d1-dff900383d18\" async=\"\"><\/script>\n      <style> #bokun_ec02e96a_f9c0_47de_b2c4_33a1229a709e { display: inline-block; padding: 10px 20px; background: #e0b13a; border-radius: 5px; box-shadow: none; font-weight: 600; font-size: 16px; text-decoration: none; text-align: center; color: #FFFFFF; font-family: sans-serif; border:none; cursor: pointer; } #bokun_ec02e96a_f9c0_47de_b2c4_33a1229a709e:hover{ background: #b2871c; } #bokun_ec02e96a_f9c0_47de_b2c4_33a1229a709e:active{ background: #c8981f; } <\/style> <button class=\"bokunButton\" disabled=\"\" id=\"bokun_ec02e96a_f9c0_47de_b2c4_33a1229a709e\" data-src=\"https:\/\/widgets.bokun.io\/online-sales\/a3456de4-a298-4af6-97d1-dff900383d18\/experience-calendar\/618625?partialView=1\" data-testid=\"widget-book-button\"> R\u00e9servez maintenant <\/button>\n\n\n\n<div style=\"height:25px\" aria-hidden=\"true\" class=\"wp-block-spacer\"><\/div>\n\n\n\n<h3 class=\"wp-block-heading\" id=\"h-description\">Description<\/h3>\n\n\n\n<p>Private Discover Lisbon with a Photographer &#8211; Afternoon Edition is our oldest and most successful photography walking tour. <\/p>\n\n\n\n<p>It runs on a small uphill path around the S\u00e3o Jorge Castle. However, it&#8217;s an easy walk, taking us through off-the-beaten-path streets and alleys to visit the oldest and most charming Lisbon neighborhoods. While exploring the neighborhoods of Mouraria, Alfama, and Gra\u00e7a, we will pass by some of the most iconic places and less explored areas as well. <\/p>\n\n\n\n<p>Along our time together, we&#8217;ll  have options to shoot the streets with all the local color, and some cityscapes from iconic spots. In addition, we&#8217;ll still have time for action shots around the #28 Tram line. <\/p>\n\n\n\n<p>We provide photography tuition along the tour. Therefore, encouraging and helping guests to achieve better results. We provide practical tips and feedback. Moreover, we address themes like camera settings, composition, and others depending on guests&#8217; needs and personal preferences. <\/p>\n\n\n\n<p>The finish will be in Gra\u00e7a on time for sunset, followed by a downhill walk to Martim Moniz Square through Mouraria.<\/p>\n\n\n\n<div class=\"wp-block-group\"><div class=\"wp-block-group__inner-container is-layout-flow wp-block-group-is-layout-flow\">\n<div class=\"wp-block-group\"><div class=\"wp-block-group__inner-container is-layout-flow wp-block-group-is-layout-flow\">\n<div style=\"height:25px\" aria-hidden=\"true\" class=\"wp-block-spacer\"><\/div>\n<\/div><\/div>\n<\/div><\/div>\n\n\n\n<div class=\"wp-block-columns are-vertically-aligned-top is-layout-flex wp-container-core-columns-is-layout-9d6595d7 wp-block-columns-is-layout-flex\">\n<div class=\"wp-block-column is-vertically-aligned-top is-layout-flow wp-block-column-is-layout-flow\">\n<h4 class=\"wp-block-heading\" id=\"h-experience-type\">Type d'exp\u00e9rience<\/h4>\n\n\n\n<p>Tour\/activit\u00e9 d'une journ\u00e9e<\/p>\n\n\n\n<h4 class=\"wp-block-heading\" id=\"h-book-in-advance\">R\u00e9server \u00e0 l'avance<\/h4>\n\n\n\n<p>Limite : 8 heures<br>Call +351 912157251 for last minute bookings<\/p>\n\n\n\n<h4 class=\"wp-block-heading\" id=\"h-duration\">Duration<\/h4>\n\n\n\n<p>3 heures<\/p>\n<\/div>\n\n\n\n<div class=\"wp-block-column is-vertically-aligned-top is-layout-flow wp-block-column-is-layout-flow\">\n<h4 class=\"wp-block-heading\" id=\"h-difficulty\">Difficult\u00e9<\/h4>\n\n\n\n<p>Facile<\/p>\n\n\n\n<h4 class=\"wp-block-heading\" id=\"h-what-s-included\">Qu'est-ce qui est inclus?<\/h4>\n\n\n\n<ul class=\"wp-block-list\">\n<li>Private group (max. 6 photographers)<\/li>\n\n\n\n<li>Guid\u00e9 par un photographe professionnel<\/li>\n\n\n\n<li>Cours de photographie inclus<\/li>\n<\/ul>\n\n\n\n<h4 class=\"wp-block-heading\" id=\"h-exclusions\">Exclusions<\/h4>\n\n\n\n<ul class=\"wp-block-list\">\n<li>Nourriture et boissons<\/li>\n\n\n\n<li>Droits d'entr\u00e9e ou d'admission<\/li>\n<\/ul>\n<\/div>\n<\/div>\n\n\n\n<div class=\"wp-block-columns is-layout-flex wp-container-core-columns-is-layout-9d6595d7 wp-block-columns-is-layout-flex\">\n<div class=\"wp-block-column is-layout-flow wp-block-column-is-layout-flow\"><\/div>\n<\/div>\n\n\n\n<h3 class=\"wp-block-heading\" id=\"h-please-note\">Veuillez noter que<\/h3>\n\n\n\n<ul class=\"wp-block-list\">\n<li>Les participants peuvent utiliser n'importe quel type d'appareil photo et\/ou de t\u00e9l\u00e9phone intelligent.<\/li>\n\n\n\n<li>We provide tuition on photography during the walking tour. However, we can\u2019t teach guests how to use their own cameras.&nbsp;Bring your camera&#8217;s User Manual if you are not comfortable using your camera dials and menus.<\/li>\n\n\n\n<li>This is a walking activity. As a result, guests are expected to walk and stand for some periods throughout the activity duration.<\/li>\n\n\n\n<li>Des chaussures de marche confortables sont recommand\u00e9es.<\/li>\n<\/ul>\n\n\n\n<h3 class=\"wp-block-heading\" id=\"h-what-do-i-need-to-bring\">Que dois-je apporter?<\/h3>\n\n\n\n<ul class=\"wp-block-list\">\n<li>Appareil photo ou smart phone<\/li>\n\n\n\n<li>V\u00eatements adapt\u00e9s \u00e0 la m\u00e9t\u00e9o du jour<\/li>\n\n\n\n<li>Des chaussures confortables<\/li>\n\n\n\n<li>Good mood<\/li>\n<\/ul>\n\n\n\n<h3 class=\"wp-block-heading\" id=\"h-cancellation-policy\">Politique d'annulation<\/h3>\n\n\n\n<ul class=\"wp-block-list\">\n<li>All bookings are 100% refundable for any cancelations up to 24 hours before the tour departure.<\/li>\n\n\n\n<li>We will charge a cancellation fee of 100% if the booking is canceled less than 24 hours before the tour departure.<\/li>\n<\/ul>\n\n\n\n<h3 class=\"wp-block-heading\" id=\"h-this-tour-is-also-available\">This tour is also available<\/h3>\n\n\n\n<p><a href=\"https:\/\/www.viator.com\/tours\/Lisbon\/Discover-Lisbon-with-a-Photographer-Afternoon-Edition\/d538-88372P8\">Viator<\/a><\/p>\n\n\n\n<p>Tripadvisor<\/p>\n\n\n\n<div style=\"height:25px\" aria-hidden=\"true\" class=\"wp-block-spacer\"><\/div>\n\n\n\n<script type=\"text\/javascript\" src=\"https:\/\/widgets.bokun.io\/assets\/javascripts\/apps\/build\/BokunWidgetsLoader.js?bookingChannelUUID=a3456de4-a298-4af6-97d1-dff900383d18\" async=\"\"><\/script>\n      <style> #bokun_ec02e96a_f9c0_47de_b2c4_33a1229a709e { display: inline-block; padding: 10px 20px; background: #e0b13a; border-radius: 5px; box-shadow: none; font-weight: 600; font-size: 16px; text-decoration: none; text-align: center; color: #FFFFFF; font-family: sans-serif; border:none; cursor: pointer; } #bokun_ec02e96a_f9c0_47de_b2c4_33a1229a709e:hover{ background: #b2871c; } #bokun_ec02e96a_f9c0_47de_b2c4_33a1229a709e:active{ background: #c8981f; } <\/style> <button class=\"bokunButton\" disabled=\"\" id=\"bokun_ec02e96a_f9c0_47de_b2c4_33a1229a709e\" data-src=\"https:\/\/widgets.bokun.io\/online-sales\/a3456de4-a298-4af6-97d1-dff900383d18\/experience-calendar\/618625?partialView=1\" data-testid=\"widget-book-button\"> R\u00e9servez maintenant <\/button>\n\n\n\n<div style=\"height:25px\" aria-hidden=\"true\" class=\"wp-block-spacer\"><\/div>\n\n\n\n<figure class=\"wp-block-gallery has-nested-images columns-4 is-cropped wp-block-gallery-2 is-layout-flex wp-block-gallery-is-layout-flex\">\n<figure class=\"wp-block-image size-large\"><a href=\"https:\/\/photowalks.pt\/wp-content\/uploads\/2021\/05\/MAS28973-1.jpg\"><img decoding=\"async\" width=\"1030\" height=\"687\" data-id=\"6488\" src=\"https:\/\/photowalks.pt\/wp-content\/uploads\/2021\/05\/MAS28973-1-1030x687.jpg\" alt=\"D\u00e9couvrez Lisbonne avec un photographe\" class=\"wp-image-6488\" srcset=\"https:\/\/photowalks.pt\/wp-content\/uploads\/2021\/05\/MAS28973-1-1030x687.jpg 1030w, https:\/\/photowalks.pt\/wp-content\/uploads\/2021\/05\/MAS28973-1-600x400.jpg 600w, https:\/\/photowalks.pt\/wp-content\/uploads\/2021\/05\/MAS28973-1-80x53.jpg 80w, https:\/\/photowalks.pt\/wp-content\/uploads\/2021\/05\/MAS28973-1-768x512.jpg 768w, https:\/\/photowalks.pt\/wp-content\/uploads\/2021\/05\/MAS28973-1-16x12.jpg 16w, https:\/\/photowalks.pt\/wp-content\/uploads\/2021\/05\/MAS28973-1-705x470.jpg 705w, https:\/\/photowalks.pt\/wp-content\/uploads\/2021\/05\/MAS28973-1-1020x680.jpg 1020w, https:\/\/photowalks.pt\/wp-content\/uploads\/2021\/05\/MAS28973-1-450x300.jpg 450w, https:\/\/photowalks.pt\/wp-content\/uploads\/2021\/05\/MAS28973-1-800x533.jpg 800w, https:\/\/photowalks.pt\/wp-content\/uploads\/2021\/05\/MAS28973-1.jpg 1200w\" sizes=\"(max-width: 1030px) 100vw, 1030px\" \/><\/a><\/figure>\n\n\n\n<figure class=\"wp-block-image size-large\"><a href=\"https:\/\/photowalks.pt\/wp-content\/uploads\/2021\/05\/MAS22950.jpg\"><img decoding=\"async\" width=\"1030\" height=\"687\" data-id=\"6487\" src=\"https:\/\/photowalks.pt\/wp-content\/uploads\/2021\/05\/MAS22950-1030x687.jpg\" alt=\"\" class=\"wp-image-6487\" srcset=\"https:\/\/photowalks.pt\/wp-content\/uploads\/2021\/05\/MAS22950-1030x687.jpg 1030w, https:\/\/photowalks.pt\/wp-content\/uploads\/2021\/05\/MAS22950-600x400.jpg 600w, https:\/\/photowalks.pt\/wp-content\/uploads\/2021\/05\/MAS22950-80x53.jpg 80w, https:\/\/photowalks.pt\/wp-content\/uploads\/2021\/05\/MAS22950-768x512.jpg 768w, https:\/\/photowalks.pt\/wp-content\/uploads\/2021\/05\/MAS22950-16x12.jpg 16w, https:\/\/photowalks.pt\/wp-content\/uploads\/2021\/05\/MAS22950-705x470.jpg 705w, https:\/\/photowalks.pt\/wp-content\/uploads\/2021\/05\/MAS22950-1020x680.jpg 1020w, https:\/\/photowalks.pt\/wp-content\/uploads\/2021\/05\/MAS22950-450x300.jpg 450w, https:\/\/photowalks.pt\/wp-content\/uploads\/2021\/05\/MAS22950-800x533.jpg 800w, https:\/\/photowalks.pt\/wp-content\/uploads\/2021\/05\/MAS22950.jpg 1200w\" sizes=\"(max-width: 1030px) 100vw, 1030px\" \/><\/a><\/figure>\n\n\n\n<figure class=\"wp-block-image size-large\"><a href=\"https:\/\/photowalks.pt\/wp-content\/uploads\/2021\/05\/MAS25361.jpg\"><img decoding=\"async\" width=\"1030\" height=\"717\" data-id=\"6481\" src=\"https:\/\/photowalks.pt\/wp-content\/uploads\/2021\/05\/MAS25361-1030x717.jpg\" alt=\"D\u00e9couvrez Lisbonne avec un photographe\" class=\"wp-image-6481\" srcset=\"https:\/\/photowalks.pt\/wp-content\/uploads\/2021\/05\/MAS25361-1030x717.jpg 1030w, https:\/\/photowalks.pt\/wp-content\/uploads\/2021\/05\/MAS25361-600x418.jpg 600w, https:\/\/photowalks.pt\/wp-content\/uploads\/2021\/05\/MAS25361-80x56.jpg 80w, https:\/\/photowalks.pt\/wp-content\/uploads\/2021\/05\/MAS25361-768x534.jpg 768w, https:\/\/photowalks.pt\/wp-content\/uploads\/2021\/05\/MAS25361-16x12.jpg 16w, https:\/\/photowalks.pt\/wp-content\/uploads\/2021\/05\/MAS25361-705x491.jpg 705w, https:\/\/photowalks.pt\/wp-content\/uploads\/2021\/05\/MAS25361-977x680.jpg 977w, https:\/\/photowalks.pt\/wp-content\/uploads\/2021\/05\/MAS25361-450x313.jpg 450w, https:\/\/photowalks.pt\/wp-content\/uploads\/2021\/05\/MAS25361-800x557.jpg 800w, https:\/\/photowalks.pt\/wp-content\/uploads\/2021\/05\/MAS25361.jpg 1200w\" sizes=\"(max-width: 1030px) 100vw, 1030px\" \/><\/a><\/figure>\n\n\n\n<figure class=\"wp-block-image size-large\"><a href=\"https:\/\/photowalks.pt\/wp-content\/uploads\/2021\/05\/MAS26304.jpg\"><img decoding=\"async\" width=\"1030\" height=\"687\" data-id=\"6486\" src=\"https:\/\/photowalks.pt\/wp-content\/uploads\/2021\/05\/MAS26304-1030x687.jpg\" alt=\"\" class=\"wp-image-6486\" srcset=\"https:\/\/photowalks.pt\/wp-content\/uploads\/2021\/05\/MAS26304-1030x687.jpg 1030w, https:\/\/photowalks.pt\/wp-content\/uploads\/2021\/05\/MAS26304-600x400.jpg 600w, https:\/\/photowalks.pt\/wp-content\/uploads\/2021\/05\/MAS26304-80x53.jpg 80w, https:\/\/photowalks.pt\/wp-content\/uploads\/2021\/05\/MAS26304-768x512.jpg 768w, https:\/\/photowalks.pt\/wp-content\/uploads\/2021\/05\/MAS26304-16x12.jpg 16w, https:\/\/photowalks.pt\/wp-content\/uploads\/2021\/05\/MAS26304-705x470.jpg 705w, https:\/\/photowalks.pt\/wp-content\/uploads\/2021\/05\/MAS26304-1020x680.jpg 1020w, https:\/\/photowalks.pt\/wp-content\/uploads\/2021\/05\/MAS26304-450x300.jpg 450w, https:\/\/photowalks.pt\/wp-content\/uploads\/2021\/05\/MAS26304-800x533.jpg 800w, https:\/\/photowalks.pt\/wp-content\/uploads\/2021\/05\/MAS26304.jpg 1200w\" sizes=\"(max-width: 1030px) 100vw, 1030px\" \/><\/a><\/figure>\n<\/figure>\n\n\n\n<p><\/p>\n<\/div>\n<\/div>\n\n\n\n<p><\/p>","protected":false},"excerpt":{"rendered":"<p>Discover Lisbon with a Photographer &#8211; Afternoon Edition is a photography walking tour through Lisbon&#8217;s old neighbourhoods with the guidance of a professional photographer<\/p>","protected":false},"author":1,"featured_media":6475,"parent":5049,"menu_order":0,"comment_status":"closed","ping_status":"closed","template":"","meta":{"footnotes":""},"class_list":["post-6472","page","type-page","status-publish","has-post-thumbnail","hentry"],"yoast_head":"<!-- This site is optimized with the Yoast SEO plugin v27.4 - https:\/\/yoast.com\/product\/yoast-seo-wordpress\/ -->\n<title>Private Discover Lisbon with a Photographer - Afternoon Edition - Photowalks.pt - Lisbon Photography Tours<\/title>\n<meta name=\"description\" content=\"Discover Lisbon with a Photographer - Afternoon Edition aims to start early and explore the morning light while the uncrowded city wakes up.\" \/>\n<meta name=\"robots\" content=\"index, follow, max-snippet:-1, max-image-preview:large, max-video-preview:-1\" \/>\n<link rel=\"canonical\" href=\"https:\/\/photowalks.pt\/fr\/photography-tours-and-workshops\/discover-lisbon-with-a-photographer-afternoon-edition\/\" \/>\n<meta property=\"og:locale\" content=\"fr_FR\" \/>\n<meta property=\"og:type\" content=\"article\" \/>\n<meta property=\"og:title\" content=\"Private Discover Lisbon with a Photographer - Afternoon Edition - Photowalks.pt - Lisbon Photography Tours\" \/>\n<meta property=\"og:description\" content=\"Discover Lisbon with a Photographer - Afternoon Edition aims to start early and explore the morning light while the uncrowded city wakes up.\" \/>\n<meta property=\"og:url\" content=\"https:\/\/photowalks.pt\/fr\/photography-tours-and-workshops\/discover-lisbon-with-a-photographer-afternoon-edition\/\" \/>\n<meta property=\"og:site_name\" content=\"Photowalks.pt - Lisbon Photography Tours\" \/>\n<meta property=\"article:publisher\" content=\"https:\/\/www.facebook.com\/PhotoWalksLisboa\/\" \/>\n<meta property=\"article:modified_time\" content=\"2022-11-18T13:13:49+00:00\" \/>\n<meta property=\"og:image\" content=\"https:\/\/photowalks.pt\/wp-content\/uploads\/2021\/05\/MAS26526.jpg\" \/>\n\t<meta property=\"og:image:width\" content=\"1200\" \/>\n\t<meta property=\"og:image:height\" content=\"504\" \/>\n\t<meta property=\"og:image:type\" content=\"image\/jpeg\" \/>\n<meta name=\"twitter:card\" content=\"summary_large_image\" \/>\n<meta name=\"twitter:site\" content=\"@PhotowalksPt\" \/>\n<meta name=\"twitter:label1\" content=\"Dur\u00e9e de lecture estim\u00e9e\" \/>\n\t<meta name=\"twitter:data1\" content=\"3 minutes\" \/>\n<script type=\"application\/ld+json\" class=\"yoast-schema-graph\">{\"@context\":\"https:\\\/\\\/schema.org\",\"@graph\":[{\"@type\":[\"WebPage\",\"ItemPage\"],\"@id\":\"https:\\\/\\\/photowalks.pt\\\/photography-tours-and-workshops\\\/discover-lisbon-with-a-photographer-afternoon-edition\\\/\",\"url\":\"https:\\\/\\\/photowalks.pt\\\/photography-tours-and-workshops\\\/discover-lisbon-with-a-photographer-afternoon-edition\\\/\",\"name\":\"Private Discover Lisbon with a Photographer - Afternoon Edition - Photowalks.pt - Lisbon Photography Tours\",\"isPartOf\":{\"@id\":\"https:\\\/\\\/photowalks.pt\\\/#website\"},\"primaryImageOfPage\":{\"@id\":\"https:\\\/\\\/photowalks.pt\\\/photography-tours-and-workshops\\\/discover-lisbon-with-a-photographer-afternoon-edition\\\/#primaryimage\"},\"image\":{\"@id\":\"https:\\\/\\\/photowalks.pt\\\/photography-tours-and-workshops\\\/discover-lisbon-with-a-photographer-afternoon-edition\\\/#primaryimage\"},\"thumbnailUrl\":\"https:\\\/\\\/photowalks.pt\\\/wp-content\\\/uploads\\\/2021\\\/05\\\/MAS26526.jpg\",\"datePublished\":\"2021-04-15T15:39:41+00:00\",\"dateModified\":\"2022-11-18T13:13:49+00:00\",\"description\":\"Discover Lisbon with a Photographer - Afternoon Edition aims to start early and explore the morning light while the uncrowded city wakes up.\",\"breadcrumb\":{\"@id\":\"https:\\\/\\\/photowalks.pt\\\/photography-tours-and-workshops\\\/discover-lisbon-with-a-photographer-afternoon-edition\\\/#breadcrumb\"},\"inLanguage\":\"fr-FR\",\"potentialAction\":[{\"@type\":\"ReadAction\",\"target\":[\"https:\\\/\\\/photowalks.pt\\\/photography-tours-and-workshops\\\/discover-lisbon-with-a-photographer-afternoon-edition\\\/\"]}]},{\"@type\":\"ImageObject\",\"inLanguage\":\"fr-FR\",\"@id\":\"https:\\\/\\\/photowalks.pt\\\/photography-tours-and-workshops\\\/discover-lisbon-with-a-photographer-afternoon-edition\\\/#primaryimage\",\"url\":\"https:\\\/\\\/photowalks.pt\\\/wp-content\\\/uploads\\\/2021\\\/05\\\/MAS26526.jpg\",\"contentUrl\":\"https:\\\/\\\/photowalks.pt\\\/wp-content\\\/uploads\\\/2021\\\/05\\\/MAS26526.jpg\",\"width\":1200,\"height\":504},{\"@type\":\"BreadcrumbList\",\"@id\":\"https:\\\/\\\/photowalks.pt\\\/photography-tours-and-workshops\\\/discover-lisbon-with-a-photographer-afternoon-edition\\\/#breadcrumb\",\"itemListElement\":[{\"@type\":\"ListItem\",\"position\":1,\"name\":\"Home\",\"item\":\"https:\\\/\\\/photowalks.pt\\\/\"},{\"@type\":\"ListItem\",\"position\":2,\"name\":\"Lisbon Photography Tours and Workshops\",\"item\":\"https:\\\/\\\/photowalks.pt\\\/photography-tours-and-workshops\\\/\"},{\"@type\":\"ListItem\",\"position\":3,\"name\":\"Private Discover Lisbon with a Photographer &#8211; Afternoon Edition\"}]},{\"@type\":\"WebSite\",\"@id\":\"https:\\\/\\\/photowalks.pt\\\/#website\",\"url\":\"https:\\\/\\\/photowalks.pt\\\/\",\"name\":\"Photowalks.pt - Photography tours and workshops\",\"description\":\"The best photography tours and workshops in Lisbon area and elsewhere.\",\"publisher\":{\"@id\":\"https:\\\/\\\/photowalks.pt\\\/#organization\"},\"potentialAction\":[{\"@type\":\"SearchAction\",\"target\":{\"@type\":\"EntryPoint\",\"urlTemplate\":\"https:\\\/\\\/photowalks.pt\\\/?s={search_term_string}\"},\"query-input\":{\"@type\":\"PropertyValueSpecification\",\"valueRequired\":true,\"valueName\":\"search_term_string\"}}],\"inLanguage\":\"fr-FR\"},{\"@type\":\"Organization\",\"@id\":\"https:\\\/\\\/photowalks.pt\\\/#organization\",\"name\":\"Photowalks.pt\",\"url\":\"https:\\\/\\\/photowalks.pt\\\/\",\"logo\":{\"@type\":\"ImageObject\",\"inLanguage\":\"fr-FR\",\"@id\":\"https:\\\/\\\/photowalks.pt\\\/#\\\/schema\\\/logo\\\/image\\\/\",\"url\":\"https:\\\/\\\/photowalks.pt\\\/wp-content\\\/uploads\\\/2019\\\/05\\\/PW_logo_Hor_black_V2_wp-site.png\",\"contentUrl\":\"https:\\\/\\\/photowalks.pt\\\/wp-content\\\/uploads\\\/2019\\\/05\\\/PW_logo_Hor_black_V2_wp-site.png\",\"width\":1559,\"height\":481,\"caption\":\"Photowalks.pt\"},\"image\":{\"@id\":\"https:\\\/\\\/photowalks.pt\\\/#\\\/schema\\\/logo\\\/image\\\/\"},\"sameAs\":[\"https:\\\/\\\/www.facebook.com\\\/PhotoWalksLisboa\\\/\",\"https:\\\/\\\/x.com\\\/PhotowalksPt\",\"https:\\\/\\\/www.instagram.com\\\/photowalkslisboa\\\/\",\"https:\\\/\\\/www.linkedin.com\\\/company\\\/photowalks-pt\",\"https:\\\/\\\/www.pinterest.pt\\\/miguelangelo1930\\\/\"]}]}<\/script>\n<!-- \/ Yoast SEO plugin. -->","yoast_head_json":{"title":"Private Discover Lisbon with a Photographer - Afternoon Edition - Photowalks.pt - Lisbon Photography Tours","description":"Discover Lisbon with a Photographer - Afternoon Edition aims to start early and explore the morning light while the uncrowded city wakes up.","robots":{"index":"index","follow":"follow","max-snippet":"max-snippet:-1","max-image-preview":"max-image-preview:large","max-video-preview":"max-video-preview:-1"},"canonical":"https:\/\/photowalks.pt\/fr\/photography-tours-and-workshops\/discover-lisbon-with-a-photographer-afternoon-edition\/","og_locale":"fr_FR","og_type":"article","og_title":"Private Discover Lisbon with a Photographer - Afternoon Edition - Photowalks.pt - Lisbon Photography Tours","og_description":"Discover Lisbon with a Photographer - Afternoon Edition aims to start early and explore the morning light while the uncrowded city wakes up.","og_url":"https:\/\/photowalks.pt\/fr\/photography-tours-and-workshops\/discover-lisbon-with-a-photographer-afternoon-edition\/","og_site_name":"Photowalks.pt - Lisbon Photography Tours","article_publisher":"https:\/\/www.facebook.com\/PhotoWalksLisboa\/","article_modified_time":"2022-11-18T13:13:49+00:00","og_image":[{"width":1200,"height":504,"url":"https:\/\/photowalks.pt\/wp-content\/uploads\/2021\/05\/MAS26526.jpg","type":"image\/jpeg"}],"twitter_card":"summary_large_image","twitter_site":"@PhotowalksPt","twitter_misc":{"Dur\u00e9e de lecture estim\u00e9e":"3 minutes"},"schema":{"@context":"https:\/\/schema.org","@graph":[{"@type":["WebPage","ItemPage"],"@id":"https:\/\/photowalks.pt\/photography-tours-and-workshops\/discover-lisbon-with-a-photographer-afternoon-edition\/","url":"https:\/\/photowalks.pt\/photography-tours-and-workshops\/discover-lisbon-with-a-photographer-afternoon-edition\/","name":"Private Discover Lisbon with a Photographer - Afternoon Edition - Photowalks.pt - Lisbon Photography Tours","isPartOf":{"@id":"https:\/\/photowalks.pt\/#website"},"primaryImageOfPage":{"@id":"https:\/\/photowalks.pt\/photography-tours-and-workshops\/discover-lisbon-with-a-photographer-afternoon-edition\/#primaryimage"},"image":{"@id":"https:\/\/photowalks.pt\/photography-tours-and-workshops\/discover-lisbon-with-a-photographer-afternoon-edition\/#primaryimage"},"thumbnailUrl":"https:\/\/photowalks.pt\/wp-content\/uploads\/2021\/05\/MAS26526.jpg","datePublished":"2021-04-15T15:39:41+00:00","dateModified":"2022-11-18T13:13:49+00:00","description":"Discover Lisbon with a Photographer - Afternoon Edition aims to start early and explore the morning light while the uncrowded city wakes up.","breadcrumb":{"@id":"https:\/\/photowalks.pt\/photography-tours-and-workshops\/discover-lisbon-with-a-photographer-afternoon-edition\/#breadcrumb"},"inLanguage":"fr-FR","potentialAction":[{"@type":"ReadAction","target":["https:\/\/photowalks.pt\/photography-tours-and-workshops\/discover-lisbon-with-a-photographer-afternoon-edition\/"]}]},{"@type":"ImageObject","inLanguage":"fr-FR","@id":"https:\/\/photowalks.pt\/photography-tours-and-workshops\/discover-lisbon-with-a-photographer-afternoon-edition\/#primaryimage","url":"https:\/\/photowalks.pt\/wp-content\/uploads\/2021\/05\/MAS26526.jpg","contentUrl":"https:\/\/photowalks.pt\/wp-content\/uploads\/2021\/05\/MAS26526.jpg","width":1200,"height":504},{"@type":"BreadcrumbList","@id":"https:\/\/photowalks.pt\/photography-tours-and-workshops\/discover-lisbon-with-a-photographer-afternoon-edition\/#breadcrumb","itemListElement":[{"@type":"ListItem","position":1,"name":"Home","item":"https:\/\/photowalks.pt\/"},{"@type":"ListItem","position":2,"name":"Lisbon Photography Tours and Workshops","item":"https:\/\/photowalks.pt\/photography-tours-and-workshops\/"},{"@type":"ListItem","position":3,"name":"Private Discover Lisbon with a Photographer &#8211; Afternoon Edition"}]},{"@type":"WebSite","@id":"https:\/\/photowalks.pt\/#website","url":"https:\/\/photowalks.pt\/","name":"Photowalks.pt - Tours et Ateliers de Photographie","description":"The best photography tours and workshops in Lisbon area and elsewhere.","publisher":{"@id":"https:\/\/photowalks.pt\/#organization"},"potentialAction":[{"@type":"SearchAction","target":{"@type":"EntryPoint","urlTemplate":"https:\/\/photowalks.pt\/?s={search_term_string}"},"query-input":{"@type":"PropertyValueSpecification","valueRequired":true,"valueName":"search_term_string"}}],"inLanguage":"fr-FR"},{"@type":"Organization","@id":"https:\/\/photowalks.pt\/#organization","name":"Photowalks.pt","url":"https:\/\/photowalks.pt\/","logo":{"@type":"ImageObject","inLanguage":"fr-FR","@id":"https:\/\/photowalks.pt\/#\/schema\/logo\/image\/","url":"https:\/\/photowalks.pt\/wp-content\/uploads\/2019\/05\/PW_logo_Hor_black_V2_wp-site.png","contentUrl":"https:\/\/photowalks.pt\/wp-content\/uploads\/2019\/05\/PW_logo_Hor_black_V2_wp-site.png","width":1559,"height":481,"caption":"Photowalks.pt"},"image":{"@id":"https:\/\/photowalks.pt\/#\/schema\/logo\/image\/"},"sameAs":["https:\/\/www.facebook.com\/PhotoWalksLisboa\/","https:\/\/x.com\/PhotowalksPt","https:\/\/www.instagram.com\/photowalkslisboa\/","https:\/\/www.linkedin.com\/company\/photowalks-pt","https:\/\/www.pinterest.pt\/miguelangelo1930\/"]}]}},"_links":{"self":[{"href":"https:\/\/photowalks.pt\/fr\/wp-json\/wp\/v2\/pages\/6472","targetHints":{"allow":["GET"]}}],"collection":[{"href":"https:\/\/photowalks.pt\/fr\/wp-json\/wp\/v2\/pages"}],"about":[{"href":"https:\/\/photowalks.pt\/fr\/wp-json\/wp\/v2\/types\/page"}],"author":[{"embeddable":true,"href":"https:\/\/photowalks.pt\/fr\/wp-json\/wp\/v2\/users\/1"}],"replies":[{"embeddable":true,"href":"https:\/\/photowalks.pt\/fr\/wp-json\/wp\/v2\/comments?post=6472"}],"version-history":[{"count":31,"href":"https:\/\/photowalks.pt\/fr\/wp-json\/wp\/v2\/pages\/6472\/revisions"}],"predecessor-version":[{"id":6701,"href":"https:\/\/photowalks.pt\/fr\/wp-json\/wp\/v2\/pages\/6472\/revisions\/6701"}],"up":[{"embeddable":true,"href":"https:\/\/photowalks.pt\/fr\/wp-json\/wp\/v2\/pages\/5049"}],"wp:featuredmedia":[{"embeddable":true,"href":"https:\/\/photowalks.pt\/fr\/wp-json\/wp\/v2\/media\/6475"}],"wp:attachment":[{"href":"https:\/\/photowalks.pt\/fr\/wp-json\/wp\/v2\/media?parent=6472"}],"curies":[{"name":"wp","href":"https:\/\/api.w.org\/{rel}","templated":true}]}}