{"id":6541,"date":"2021-04-15T15:39:41","date_gmt":"2021-04-15T15:39:41","guid":{"rendered":"https:\/\/photowalks.pt\/?page_id=6541"},"modified":"2024-03-11T20:19:58","modified_gmt":"2024-03-11T20:19:58","slug":"discover-lisbon-with-a-photographer-private-tour","status":"publish","type":"page","link":"https:\/\/photowalks.pt\/pt\/tours-e-workshops-de-fotografia\/descubre-lisboa-com-um-fotografo-tour-privado\/","title":{"rendered":"Descobre Lisboa com um Fot\u00f3grafo - Tour Privado"},"content":{"rendered":"<div style=\"height:25px\" aria-hidden=\"true\" class=\"wp-block-spacer\"><\/div>\n\n\n\n<h2 class=\"wp-block-heading\" id=\"h-discover-lisbon-with-a-photographer-private-tour\">Discover Lisbon with a Photographer &#8211; Full Day Private Tour<\/h2>\n\n\n\n<h3 class=\"wp-block-heading\" id=\"h-privately-guided-photography-walk-through-lisbon-s-old-neighborhoods-hosted-by-professional-photographer-miguel-angelo-silva\">Privately guided photography full day walk through Lisbon\u2019s best spots, hosted by professional photographer <a href=\"https:\/\/www.instagram.com\/miguelangelosilva\/\" target=\"_blank\" rel=\"noreferrer noopener\">Miguel Angelo Silva<\/a><\/h3>\n\n\n\n<div style=\"height:25px\" aria-hidden=\"true\" class=\"wp-block-spacer\"><\/div>\n\n\n\n<div class=\"wp-block-columns is-layout-flex wp-container-core-columns-is-layout-9d6595d7 wp-block-columns-is-layout-flex\">\n<div class=\"wp-block-column is-vertically-aligned-top is-layout-flow wp-block-column-is-layout-flow\">\n<h2 class=\"wp-block-heading has-col-e-0-b-13-a-color has-text-color\" id=\"h-private-tour-from-90\"><mark style=\"background-color:rgba(0, 0, 0, 0)\" class=\"has-inline-color has-col-e-0-b-13-a-color\">Private tour from 350\u20ac<\/mark><\/h2>\n\n\n\n<div style=\"height:1px\" aria-hidden=\"true\" class=\"wp-block-spacer\"><\/div>\n\n\n\n\n\n<div style=\"height:25px\" aria-hidden=\"true\" class=\"wp-block-spacer\"><\/div>\n\n\n\n<h3 class=\"wp-block-heading\" id=\"h-description\">Descri\u00e7\u00e3o<\/h3>\n\n\n\n<p>Descubra Lisboa com a sua m\u00e1quina fotogr\u00e1fica de forma privada e com o conselho de um fot\u00f3grafo profissional. Semelhante \u00e0 nossa <a href=\"https:\/\/photowalks.pt\/pt\/photography-tours-and-workshops\/discover-lisbon-with-a-photographer-morning-edition\/\">Descobre Lisboa com um Fot\u00f3grafo - Edi\u00e7\u00e3o da Manh\u00e3<\/a> e <a href=\"https:\/\/photowalks.pt\/pt\/photography-tours-and-workshops\/discover-lisbon-with-a-photographer-afternoon-edition\/\">Descobre Lisboa com um Fot\u00f3grafo - Edi\u00e7\u00e3o da Tarde<\/a>, but lasting all day and completely customizable. This is the photography walking tour where you can choose where to go and what time to go. Get in touch with Miguel, your guide, for advice on how to customize your experience and what are the best light hours. If you prefer to trust Miguel&#8217;s judgment on where to go, follow along and enjoy.<\/p>\n\n\n\n<p>Se o seu objectivo \u00e9 tamb\u00e9m aprender e desenvolver as suas capacidades fotogr\u00e1ficas, n\u00f3s podemos ajudar. Desde o b\u00e1sico at\u00e9 aos temas mais avan\u00e7ados, ou mesmo ajud\u00e1-lo a familiarizar-se com a sua nova m\u00e1quina fotogr\u00e1fica, entre em contacto connosco antes da sua visita para se certificar de que estamos prontos. <\/p>\n\n\n\n<p>Vem sozinho ou traz o teu grupo. Para fam\u00edlias e grupos de amigos, esta \u00e9 a op\u00e7\u00e3o perfeita para se divertirem muito enquanto melhoram as vossas capacidades fotogr\u00e1ficas ao vosso pr\u00f3prio ritmo. <\/p>\n\n\n\n<div class=\"wp-block-group\"><div class=\"wp-block-group__inner-container is-layout-flow wp-block-group-is-layout-flow\">\n<div class=\"wp-block-group\"><div class=\"wp-block-group__inner-container is-layout-flow wp-block-group-is-layout-flow\">\n<div style=\"height:25px\" aria-hidden=\"true\" class=\"wp-block-spacer\"><\/div>\n<\/div><\/div>\n<\/div><\/div>\n\n\n\n<div class=\"wp-block-columns are-vertically-aligned-top is-layout-flex wp-container-core-columns-is-layout-9d6595d7 wp-block-columns-is-layout-flex\">\n<div class=\"wp-block-column is-vertically-aligned-top is-layout-flow wp-block-column-is-layout-flow\">\n<h4 class=\"wp-block-heading\" id=\"h-experience-type\">Tipo de experi\u00eancia<\/h4>\n\n\n\n<p>Tour privado<\/p>\n\n\n\n<h4 class=\"wp-block-heading\" id=\"h-book-in-advance\">Reservar com anteced\u00eancia<\/h4>\n\n\n\n<p>Limite: 8 horas<\/p>\n\n\n\n<h4 class=\"wp-block-heading\" id=\"h-duration\">Dura\u00e7\u00e3o<\/h4>\n\n\n\n<p>8 hours<\/p>\n<\/div>\n\n\n\n<div class=\"wp-block-column is-vertically-aligned-top is-layout-flow wp-block-column-is-layout-flow\">\n<h4 class=\"wp-block-heading\" id=\"h-difficulty\">Dificuldade<\/h4>\n\n\n\n<p>F\u00e1cil<\/p>\n\n\n\n<h4 class=\"wp-block-heading\" id=\"h-what-s-included\">O que est\u00e1 inclu\u00eddo?<\/h4>\n\n\n\n<ul class=\"wp-block-list\">\n<li>Tour privado<\/li>\n\n\n\n<li>Guiado por um fot\u00f3grafo profissional<\/li>\n\n\n\n<li>Ensino de fotografia inclu\u00eddo<\/li>\n<\/ul>\n\n\n\n<h4 class=\"wp-block-heading\" id=\"h-exclusions\">Exclus\u00f5es<\/h4>\n\n\n\n<ul class=\"wp-block-list\">\n<li>Alimenta\u00e7\u00e3o e bebidas<\/li>\n\n\n\n<li>Taxas de entrada ou de admiss\u00e3o<\/li>\n<\/ul>\n<\/div>\n<\/div>\n\n\n\n<div class=\"wp-block-columns is-layout-flex wp-container-core-columns-is-layout-9d6595d7 wp-block-columns-is-layout-flex\">\n<div class=\"wp-block-column is-layout-flow wp-block-column-is-layout-flow\">\n<figure class=\"wp-block-gallery has-nested-images columns-4 wp-block-gallery-2 is-layout-flex wp-block-gallery-is-layout-flex\">\n<figure class=\"wp-block-image size-medium\"><a href=\"https:\/\/photowalks.pt\/wp-content\/uploads\/2021\/05\/MAS22950.jpg\"><img decoding=\"async\" width=\"600\" height=\"400\" data-id=\"6487\" src=\"https:\/\/photowalks.pt\/wp-content\/uploads\/2021\/05\/MAS22950-600x400.jpg\" alt=\"Descobre Lisboa com um Fot\u00f3grafo\" class=\"wp-image-6487\" srcset=\"https:\/\/photowalks.pt\/wp-content\/uploads\/2021\/05\/MAS22950-600x400.jpg 600w, https:\/\/photowalks.pt\/wp-content\/uploads\/2021\/05\/MAS22950-1030x687.jpg 1030w, https:\/\/photowalks.pt\/wp-content\/uploads\/2021\/05\/MAS22950-80x53.jpg 80w, https:\/\/photowalks.pt\/wp-content\/uploads\/2021\/05\/MAS22950-768x512.jpg 768w, https:\/\/photowalks.pt\/wp-content\/uploads\/2021\/05\/MAS22950-16x12.jpg 16w, https:\/\/photowalks.pt\/wp-content\/uploads\/2021\/05\/MAS22950-705x470.jpg 705w, https:\/\/photowalks.pt\/wp-content\/uploads\/2021\/05\/MAS22950-1020x680.jpg 1020w, https:\/\/photowalks.pt\/wp-content\/uploads\/2021\/05\/MAS22950-450x300.jpg 450w, https:\/\/photowalks.pt\/wp-content\/uploads\/2021\/05\/MAS22950-800x533.jpg 800w, https:\/\/photowalks.pt\/wp-content\/uploads\/2021\/05\/MAS22950.jpg 1200w\" sizes=\"(max-width: 600px) 100vw, 600px\" \/><\/a><figcaption class=\"wp-element-caption\">As belas vielas perto do Castelo<\/figcaption><\/figure>\n\n\n\n<figure class=\"wp-block-image size-medium\"><a href=\"https:\/\/photowalks.pt\/wp-content\/uploads\/2021\/05\/MAS26304.jpg\"><img decoding=\"async\" width=\"600\" height=\"400\" data-id=\"6486\" src=\"https:\/\/photowalks.pt\/wp-content\/uploads\/2021\/05\/MAS26304-600x400.jpg\" alt=\"Descobre Lisboa com um Fot\u00f3grafo\" class=\"wp-image-6486\" srcset=\"https:\/\/photowalks.pt\/wp-content\/uploads\/2021\/05\/MAS26304-600x400.jpg 600w, https:\/\/photowalks.pt\/wp-content\/uploads\/2021\/05\/MAS26304-1030x687.jpg 1030w, https:\/\/photowalks.pt\/wp-content\/uploads\/2021\/05\/MAS26304-80x53.jpg 80w, https:\/\/photowalks.pt\/wp-content\/uploads\/2021\/05\/MAS26304-768x512.jpg 768w, https:\/\/photowalks.pt\/wp-content\/uploads\/2021\/05\/MAS26304-16x12.jpg 16w, https:\/\/photowalks.pt\/wp-content\/uploads\/2021\/05\/MAS26304-705x470.jpg 705w, https:\/\/photowalks.pt\/wp-content\/uploads\/2021\/05\/MAS26304-1020x680.jpg 1020w, https:\/\/photowalks.pt\/wp-content\/uploads\/2021\/05\/MAS26304-450x300.jpg 450w, https:\/\/photowalks.pt\/wp-content\/uploads\/2021\/05\/MAS26304-800x533.jpg 800w, https:\/\/photowalks.pt\/wp-content\/uploads\/2021\/05\/MAS26304.jpg 1200w\" sizes=\"(max-width: 600px) 100vw, 600px\" \/><\/a><figcaption class=\"wp-element-caption\">Detalhes de Alfama<\/figcaption><\/figure>\n\n\n\n<figure class=\"wp-block-image size-medium\"><a href=\"https:\/\/photowalks.pt\/wp-content\/uploads\/2020\/02\/MAS24993.jpg\"><img decoding=\"async\" width=\"600\" height=\"400\" data-id=\"2153\" src=\"https:\/\/photowalks.pt\/wp-content\/uploads\/2020\/02\/MAS24993-600x400.jpg\" alt=\"\" class=\"wp-image-2153\" srcset=\"https:\/\/photowalks.pt\/wp-content\/uploads\/2020\/02\/MAS24993-600x400.jpg 600w, https:\/\/photowalks.pt\/wp-content\/uploads\/2020\/02\/MAS24993-80x53.jpg 80w, https:\/\/photowalks.pt\/wp-content\/uploads\/2020\/02\/MAS24993-768x512.jpg 768w, https:\/\/photowalks.pt\/wp-content\/uploads\/2020\/02\/MAS24993-705x470.jpg 705w, https:\/\/photowalks.pt\/wp-content\/uploads\/2020\/02\/MAS24993-300x200.jpg 300w, https:\/\/photowalks.pt\/wp-content\/uploads\/2020\/02\/MAS24993.jpg 800w\" sizes=\"(max-width: 600px) 100vw, 600px\" \/><\/a><figcaption class=\"wp-element-caption\">Edif\u00edcios coloridos<\/figcaption><\/figure>\n\n\n\n<figure class=\"wp-block-image size-medium\"><a href=\"https:\/\/photowalks.pt\/wp-content\/uploads\/2021\/05\/MAS25414.jpg\"><img decoding=\"async\" width=\"600\" height=\"400\" data-id=\"6482\" src=\"https:\/\/photowalks.pt\/wp-content\/uploads\/2021\/05\/MAS25414-600x400.jpg\" alt=\"Descobre Lisboa com um Fot\u00f3grafo\" class=\"wp-image-6482\" srcset=\"https:\/\/photowalks.pt\/wp-content\/uploads\/2021\/05\/MAS25414-600x400.jpg 600w, https:\/\/photowalks.pt\/wp-content\/uploads\/2021\/05\/MAS25414-1030x687.jpg 1030w, https:\/\/photowalks.pt\/wp-content\/uploads\/2021\/05\/MAS25414-80x53.jpg 80w, https:\/\/photowalks.pt\/wp-content\/uploads\/2021\/05\/MAS25414-768x512.jpg 768w, https:\/\/photowalks.pt\/wp-content\/uploads\/2021\/05\/MAS25414-16x12.jpg 16w, https:\/\/photowalks.pt\/wp-content\/uploads\/2021\/05\/MAS25414-705x470.jpg 705w, https:\/\/photowalks.pt\/wp-content\/uploads\/2021\/05\/MAS25414-1020x680.jpg 1020w, https:\/\/photowalks.pt\/wp-content\/uploads\/2021\/05\/MAS25414-450x300.jpg 450w, https:\/\/photowalks.pt\/wp-content\/uploads\/2021\/05\/MAS25414-800x533.jpg 800w, https:\/\/photowalks.pt\/wp-content\/uploads\/2021\/05\/MAS25414.jpg 1200w\" sizes=\"(max-width: 600px) 100vw, 600px\" \/><\/a><figcaption class=\"wp-element-caption\">Trams are fun!<\/figcaption><\/figure>\n<\/figure>\n\n\n\n<p><\/p>\n<\/div>\n<\/div>\n\n\n\n<h3 class=\"wp-block-heading\" id=\"h-please-note\">Por favor, note que<\/h3>\n\n\n\n<ul class=\"wp-block-list\">\n<li>Os h\u00f3spedes podem usar qualquer tipo de c\u00e2mara e\/ou Smart Phone.<\/li>\n\n\n\n<li>Proporcionamos aulas de fotografia durante o passeio fotogr\u00e1fico, e podemos ajudar os participantes a familiarizarem-se com as suas novas m\u00e1quinas fotogr\u00e1ficas.\u00a0Para esse efeito, por favor traga o seu Manual do Utilizador se n\u00e3o se sentir confort\u00e1vel a utilizar os  selectores e menus da c\u00e2mara e entre em contacto connosco para garantir que estamos prontos para o ajudar.<\/li>\n\n\n\n<li>Descobrir Lisboa com um Fot\u00f3grafo \u00e9 um tour a p\u00e9. Espera-se que os convidados possam caminhar e ficar de p\u00e9 durante a dura\u00e7\u00e3o da actividade.<\/li>\n\n\n\n<li>S\u00e3o recomendados sapatos confort\u00e1veis para caminhar.<\/li>\n<\/ul>\n\n\n\n<h3 class=\"wp-block-heading\" id=\"h-what-do-i-need-to-bring\">O que devo trazer?<\/h3>\n\n\n\n<ul class=\"wp-block-list\">\n<li>C\u00e2mara ou Smart\/Phone<\/li>\n\n\n\n<li>Trip\u00e9 (opcional)<\/li>\n\n\n\n<li>Roupas adaptadas ao tempo do dia<\/li>\n\n\n\n<li>Sapatos confort\u00e1veis<\/li>\n<\/ul>\n\n\n\n<h3 class=\"wp-block-heading\" id=\"h-cancellation-policy\">Pol\u00edtica de cancelamento<\/h3>\n\n\n\n<ul class=\"wp-block-list\">\n<li>Todas as reservas s\u00e3o 100% reembols\u00e1veis para quaisquer cancelamentos at\u00e9 24 horas antes da partida da excurs\u00e3o.<\/li>\n\n\n\n<li>Ser\u00e1 cobrada uma taxa de cancelamento de 100% se a reserva for cancelada 24 horas ou menos antes do evento.<\/li>\n<\/ul>\n\n\n\n\n\n<div style=\"height:20px\" aria-hidden=\"true\" class=\"wp-block-spacer\"><\/div>\n\n\n\n<figure class=\"wp-block-gallery has-nested-images columns-4 wp-block-gallery-3 is-layout-flex wp-block-gallery-is-layout-flex\">\n<figure class=\"wp-block-image size-medium\"><a href=\"https:\/\/photowalks.pt\/wp-content\/uploads\/2021\/05\/MAS26371.jpg\"><img decoding=\"async\" width=\"600\" height=\"400\" data-id=\"6447\" src=\"https:\/\/photowalks.pt\/wp-content\/uploads\/2021\/05\/MAS26371-600x400.jpg\" alt=\"Descobre Cacilhas com um Fot\u00f3grafo\" class=\"wp-image-6447\" srcset=\"https:\/\/photowalks.pt\/wp-content\/uploads\/2021\/05\/MAS26371-600x400.jpg 600w, https:\/\/photowalks.pt\/wp-content\/uploads\/2021\/05\/MAS26371-1030x687.jpg 1030w, https:\/\/photowalks.pt\/wp-content\/uploads\/2021\/05\/MAS26371-80x53.jpg 80w, https:\/\/photowalks.pt\/wp-content\/uploads\/2021\/05\/MAS26371-768x512.jpg 768w, https:\/\/photowalks.pt\/wp-content\/uploads\/2021\/05\/MAS26371-16x12.jpg 16w, https:\/\/photowalks.pt\/wp-content\/uploads\/2021\/05\/MAS26371-705x470.jpg 705w, https:\/\/photowalks.pt\/wp-content\/uploads\/2021\/05\/MAS26371-1020x680.jpg 1020w, https:\/\/photowalks.pt\/wp-content\/uploads\/2021\/05\/MAS26371-450x300.jpg 450w, https:\/\/photowalks.pt\/wp-content\/uploads\/2021\/05\/MAS26371-800x533.jpg 800w, https:\/\/photowalks.pt\/wp-content\/uploads\/2021\/05\/MAS26371.jpg 1200w\" sizes=\"(max-width: 600px) 100vw, 600px\" \/><\/a><\/figure>\n\n\n\n<figure class=\"wp-block-image size-medium\"><a href=\"https:\/\/photowalks.pt\/wp-content\/uploads\/2021\/07\/MAS25361.jpg\"><img decoding=\"async\" width=\"600\" height=\"400\" data-id=\"6577\" src=\"https:\/\/photowalks.pt\/wp-content\/uploads\/2021\/07\/MAS25361-600x400.jpg\" alt=\"\" class=\"wp-image-6577\" srcset=\"https:\/\/photowalks.pt\/wp-content\/uploads\/2021\/07\/MAS25361-600x400.jpg 600w, https:\/\/photowalks.pt\/wp-content\/uploads\/2021\/07\/MAS25361-1030x687.jpg 1030w, https:\/\/photowalks.pt\/wp-content\/uploads\/2021\/07\/MAS25361-80x53.jpg 80w, https:\/\/photowalks.pt\/wp-content\/uploads\/2021\/07\/MAS25361-768x512.jpg 768w, https:\/\/photowalks.pt\/wp-content\/uploads\/2021\/07\/MAS25361-16x12.jpg 16w, https:\/\/photowalks.pt\/wp-content\/uploads\/2021\/07\/MAS25361-705x470.jpg 705w, https:\/\/photowalks.pt\/wp-content\/uploads\/2021\/07\/MAS25361.jpg 1200w\" sizes=\"(max-width: 600px) 100vw, 600px\" \/><\/a><\/figure>\n\n\n\n<figure class=\"wp-block-image size-medium\"><a href=\"https:\/\/photowalks.pt\/wp-content\/uploads\/2021\/05\/MAS26356-2.jpg\"><img decoding=\"async\" width=\"600\" height=\"400\" data-id=\"6455\" src=\"https:\/\/photowalks.pt\/wp-content\/uploads\/2021\/05\/MAS26356-2-600x400.jpg\" alt=\"Descobre Cacilhas com um Fot\u00f3grafo\" class=\"wp-image-6455\" srcset=\"https:\/\/photowalks.pt\/wp-content\/uploads\/2021\/05\/MAS26356-2-600x400.jpg 600w, https:\/\/photowalks.pt\/wp-content\/uploads\/2021\/05\/MAS26356-2-1030x687.jpg 1030w, https:\/\/photowalks.pt\/wp-content\/uploads\/2021\/05\/MAS26356-2-80x53.jpg 80w, https:\/\/photowalks.pt\/wp-content\/uploads\/2021\/05\/MAS26356-2-768x512.jpg 768w, https:\/\/photowalks.pt\/wp-content\/uploads\/2021\/05\/MAS26356-2-16x12.jpg 16w, https:\/\/photowalks.pt\/wp-content\/uploads\/2021\/05\/MAS26356-2-705x470.jpg 705w, https:\/\/photowalks.pt\/wp-content\/uploads\/2021\/05\/MAS26356-2-1020x680.jpg 1020w, https:\/\/photowalks.pt\/wp-content\/uploads\/2021\/05\/MAS26356-2-450x300.jpg 450w, https:\/\/photowalks.pt\/wp-content\/uploads\/2021\/05\/MAS26356-2-800x533.jpg 800w, https:\/\/photowalks.pt\/wp-content\/uploads\/2021\/05\/MAS26356-2.jpg 1200w\" sizes=\"(max-width: 600px) 100vw, 600px\" \/><\/a><\/figure>\n\n\n\n<figure class=\"wp-block-image size-medium\"><a href=\"https:\/\/photowalks.pt\/wp-content\/uploads\/2019\/06\/MAS20907-1.jpg\"><img decoding=\"async\" width=\"600\" height=\"400\" data-id=\"6114\" src=\"https:\/\/photowalks.pt\/wp-content\/uploads\/2019\/06\/MAS20907-1-600x400.jpg\" alt=\"Sardinhas na Mouraria\" class=\"wp-image-6114\" srcset=\"https:\/\/photowalks.pt\/wp-content\/uploads\/2019\/06\/MAS20907-1-600x400.jpg 600w, https:\/\/photowalks.pt\/wp-content\/uploads\/2019\/06\/MAS20907-1-80x53.jpg 80w, https:\/\/photowalks.pt\/wp-content\/uploads\/2019\/06\/MAS20907-1-768x512.jpg 768w, https:\/\/photowalks.pt\/wp-content\/uploads\/2019\/06\/MAS20907-1-16x12.jpg 16w, https:\/\/photowalks.pt\/wp-content\/uploads\/2019\/06\/MAS20907-1-705x470.jpg 705w, https:\/\/photowalks.pt\/wp-content\/uploads\/2019\/06\/MAS20907-1-450x300.jpg 450w, https:\/\/photowalks.pt\/wp-content\/uploads\/2019\/06\/MAS20907-1-800x534.jpg 800w, https:\/\/photowalks.pt\/wp-content\/uploads\/2019\/06\/MAS20907-1.jpg 1030w\" sizes=\"(max-width: 600px) 100vw, 600px\" \/><\/a><\/figure>\n<\/figure>\n\n\n\n<p><\/p>\n<\/div>\n<\/div>","protected":false},"excerpt":{"rendered":"<p>Descubra Lisboa com a companhia de um fot\u00f3grafo profissional, e fa\u00e7a-o em privado, longe das multid\u00f5es, e ao seu pr\u00f3prio ritmo.<\/p>","protected":false},"author":1,"featured_media":6561,"parent":5049,"menu_order":0,"comment_status":"closed","ping_status":"closed","template":"","meta":{"footnotes":""},"class_list":["post-6541","page","type-page","status-publish","has-post-thumbnail","hentry"],"yoast_head":"<!-- This site is optimized with the Yoast SEO plugin v27.4 - https:\/\/yoast.com\/product\/yoast-seo-wordpress\/ -->\n<title>Discover Lisbon with a Photographer - Private Tour<\/title>\n<meta name=\"description\" content=\"Discover Lisbon with a guidance of a professional photographer, and do it privately, away from the crowds, and at your own pace.\" \/>\n<meta name=\"robots\" content=\"index, follow, max-snippet:-1, max-image-preview:large, max-video-preview:-1\" \/>\n<link rel=\"canonical\" href=\"https:\/\/photowalks.pt\/pt\/photography-tours-and-workshops\/discover-lisbon-with-a-photographer-private-tour\/\" \/>\n<meta property=\"og:locale\" content=\"pt_PT\" \/>\n<meta property=\"og:type\" content=\"article\" \/>\n<meta property=\"og:title\" content=\"Discover Lisbon with a Photographer - Private Tour\" \/>\n<meta property=\"og:description\" content=\"Discover Lisbon with a guidance of a professional photographer, and do it privately, away from the crowds, and at your own pace.\" \/>\n<meta property=\"og:url\" content=\"https:\/\/photowalks.pt\/pt\/photography-tours-and-workshops\/discover-lisbon-with-a-photographer-private-tour\/\" \/>\n<meta property=\"og:site_name\" content=\"Photowalks.pt - Lisbon Photography Tours\" \/>\n<meta property=\"article:publisher\" content=\"https:\/\/www.facebook.com\/PhotoWalksLisboa\/\" \/>\n<meta property=\"article:modified_time\" content=\"2024-03-11T20:19:58+00:00\" \/>\n<meta property=\"og:image\" content=\"https:\/\/photowalks.pt\/wp-content\/uploads\/2021\/07\/MAS26163.jpg\" \/>\n\t<meta property=\"og:image:width\" content=\"1200\" \/>\n\t<meta property=\"og:image:height\" content=\"504\" \/>\n\t<meta property=\"og:image:type\" content=\"image\/jpeg\" \/>\n<meta name=\"twitter:card\" content=\"summary_large_image\" \/>\n<meta name=\"twitter:site\" content=\"@PhotowalksPt\" \/>\n<meta name=\"twitter:label1\" content=\"Est. reading time\" \/>\n\t<meta name=\"twitter:data1\" content=\"4 minutos\" \/>\n<script type=\"application\/ld+json\" class=\"yoast-schema-graph\">{\"@context\":\"https:\\\/\\\/schema.org\",\"@graph\":[{\"@type\":[\"WebPage\",\"ItemPage\"],\"@id\":\"https:\\\/\\\/photowalks.pt\\\/photography-tours-and-workshops\\\/discover-lisbon-with-a-photographer-private-tour\\\/\",\"url\":\"https:\\\/\\\/photowalks.pt\\\/photography-tours-and-workshops\\\/discover-lisbon-with-a-photographer-private-tour\\\/\",\"name\":\"Discover Lisbon with a Photographer - Private Tour\",\"isPartOf\":{\"@id\":\"https:\\\/\\\/photowalks.pt\\\/#website\"},\"primaryImageOfPage\":{\"@id\":\"https:\\\/\\\/photowalks.pt\\\/photography-tours-and-workshops\\\/discover-lisbon-with-a-photographer-private-tour\\\/#primaryimage\"},\"image\":{\"@id\":\"https:\\\/\\\/photowalks.pt\\\/photography-tours-and-workshops\\\/discover-lisbon-with-a-photographer-private-tour\\\/#primaryimage\"},\"thumbnailUrl\":\"https:\\\/\\\/photowalks.pt\\\/wp-content\\\/uploads\\\/2021\\\/07\\\/MAS26163.jpg\",\"datePublished\":\"2021-04-15T15:39:41+00:00\",\"dateModified\":\"2024-03-11T20:19:58+00:00\",\"description\":\"Discover Lisbon with a guidance of a professional photographer, and do it privately, away from the crowds, and at your own pace.\",\"breadcrumb\":{\"@id\":\"https:\\\/\\\/photowalks.pt\\\/photography-tours-and-workshops\\\/discover-lisbon-with-a-photographer-private-tour\\\/#breadcrumb\"},\"inLanguage\":\"pt-PT\",\"potentialAction\":[{\"@type\":\"ReadAction\",\"target\":[\"https:\\\/\\\/photowalks.pt\\\/photography-tours-and-workshops\\\/discover-lisbon-with-a-photographer-private-tour\\\/\"]}]},{\"@type\":\"ImageObject\",\"inLanguage\":\"pt-PT\",\"@id\":\"https:\\\/\\\/photowalks.pt\\\/photography-tours-and-workshops\\\/discover-lisbon-with-a-photographer-private-tour\\\/#primaryimage\",\"url\":\"https:\\\/\\\/photowalks.pt\\\/wp-content\\\/uploads\\\/2021\\\/07\\\/MAS26163.jpg\",\"contentUrl\":\"https:\\\/\\\/photowalks.pt\\\/wp-content\\\/uploads\\\/2021\\\/07\\\/MAS26163.jpg\",\"width\":1200,\"height\":504},{\"@type\":\"BreadcrumbList\",\"@id\":\"https:\\\/\\\/photowalks.pt\\\/photography-tours-and-workshops\\\/discover-lisbon-with-a-photographer-private-tour\\\/#breadcrumb\",\"itemListElement\":[{\"@type\":\"ListItem\",\"position\":1,\"name\":\"Home\",\"item\":\"https:\\\/\\\/photowalks.pt\\\/\"},{\"@type\":\"ListItem\",\"position\":2,\"name\":\"Lisbon Photography Tours and Workshops\",\"item\":\"https:\\\/\\\/photowalks.pt\\\/photography-tours-and-workshops\\\/\"},{\"@type\":\"ListItem\",\"position\":3,\"name\":\"Discover Lisbon with a Photographer &#8211; Private Tour\"}]},{\"@type\":\"WebSite\",\"@id\":\"https:\\\/\\\/photowalks.pt\\\/#website\",\"url\":\"https:\\\/\\\/photowalks.pt\\\/\",\"name\":\"Photowalks.pt - Photography tours and workshops\",\"description\":\"The best photography tours and workshops in Lisbon area and elsewhere.\",\"publisher\":{\"@id\":\"https:\\\/\\\/photowalks.pt\\\/#organization\"},\"potentialAction\":[{\"@type\":\"SearchAction\",\"target\":{\"@type\":\"EntryPoint\",\"urlTemplate\":\"https:\\\/\\\/photowalks.pt\\\/?s={search_term_string}\"},\"query-input\":{\"@type\":\"PropertyValueSpecification\",\"valueRequired\":true,\"valueName\":\"search_term_string\"}}],\"inLanguage\":\"pt-PT\"},{\"@type\":\"Organization\",\"@id\":\"https:\\\/\\\/photowalks.pt\\\/#organization\",\"name\":\"Photowalks.pt\",\"url\":\"https:\\\/\\\/photowalks.pt\\\/\",\"logo\":{\"@type\":\"ImageObject\",\"inLanguage\":\"pt-PT\",\"@id\":\"https:\\\/\\\/photowalks.pt\\\/#\\\/schema\\\/logo\\\/image\\\/\",\"url\":\"https:\\\/\\\/photowalks.pt\\\/wp-content\\\/uploads\\\/2019\\\/05\\\/PW_logo_Hor_black_V2_wp-site.png\",\"contentUrl\":\"https:\\\/\\\/photowalks.pt\\\/wp-content\\\/uploads\\\/2019\\\/05\\\/PW_logo_Hor_black_V2_wp-site.png\",\"width\":1559,\"height\":481,\"caption\":\"Photowalks.pt\"},\"image\":{\"@id\":\"https:\\\/\\\/photowalks.pt\\\/#\\\/schema\\\/logo\\\/image\\\/\"},\"sameAs\":[\"https:\\\/\\\/www.facebook.com\\\/PhotoWalksLisboa\\\/\",\"https:\\\/\\\/x.com\\\/PhotowalksPt\",\"https:\\\/\\\/www.instagram.com\\\/photowalkslisboa\\\/\",\"https:\\\/\\\/www.linkedin.com\\\/company\\\/photowalks-pt\",\"https:\\\/\\\/www.pinterest.pt\\\/miguelangelo1930\\\/\"]}]}<\/script>\n<!-- \/ Yoast SEO plugin. -->","yoast_head_json":{"title":"Descobre Lisboa com um Fot\u00f3grafo - Tour Privado","description":"Descubra Lisboa com a companhia de um fot\u00f3grafo profissional, e fa\u00e7a-o em privado, longe das multid\u00f5es, e ao seu pr\u00f3prio ritmo.","robots":{"index":"index","follow":"follow","max-snippet":"max-snippet:-1","max-image-preview":"max-image-preview:large","max-video-preview":"max-video-preview:-1"},"canonical":"https:\/\/photowalks.pt\/pt\/photography-tours-and-workshops\/discover-lisbon-with-a-photographer-private-tour\/","og_locale":"pt_PT","og_type":"article","og_title":"Discover Lisbon with a Photographer - Private Tour","og_description":"Discover Lisbon with a guidance of a professional photographer, and do it privately, away from the crowds, and at your own pace.","og_url":"https:\/\/photowalks.pt\/pt\/photography-tours-and-workshops\/discover-lisbon-with-a-photographer-private-tour\/","og_site_name":"Photowalks.pt - Lisbon Photography Tours","article_publisher":"https:\/\/www.facebook.com\/PhotoWalksLisboa\/","article_modified_time":"2024-03-11T20:19:58+00:00","og_image":[{"width":1200,"height":504,"url":"https:\/\/photowalks.pt\/wp-content\/uploads\/2021\/07\/MAS26163.jpg","type":"image\/jpeg"}],"twitter_card":"summary_large_image","twitter_site":"@PhotowalksPt","twitter_misc":{"Est. reading time":"4 minutos"},"schema":{"@context":"https:\/\/schema.org","@graph":[{"@type":["WebPage","ItemPage"],"@id":"https:\/\/photowalks.pt\/photography-tours-and-workshops\/discover-lisbon-with-a-photographer-private-tour\/","url":"https:\/\/photowalks.pt\/photography-tours-and-workshops\/discover-lisbon-with-a-photographer-private-tour\/","name":"Descobre Lisboa com um Fot\u00f3grafo - Tour Privado","isPartOf":{"@id":"https:\/\/photowalks.pt\/#website"},"primaryImageOfPage":{"@id":"https:\/\/photowalks.pt\/photography-tours-and-workshops\/discover-lisbon-with-a-photographer-private-tour\/#primaryimage"},"image":{"@id":"https:\/\/photowalks.pt\/photography-tours-and-workshops\/discover-lisbon-with-a-photographer-private-tour\/#primaryimage"},"thumbnailUrl":"https:\/\/photowalks.pt\/wp-content\/uploads\/2021\/07\/MAS26163.jpg","datePublished":"2021-04-15T15:39:41+00:00","dateModified":"2024-03-11T20:19:58+00:00","description":"Descubra Lisboa com a companhia de um fot\u00f3grafo profissional, e fa\u00e7a-o em privado, longe das multid\u00f5es, e ao seu pr\u00f3prio ritmo.","breadcrumb":{"@id":"https:\/\/photowalks.pt\/photography-tours-and-workshops\/discover-lisbon-with-a-photographer-private-tour\/#breadcrumb"},"inLanguage":"pt-PT","potentialAction":[{"@type":"ReadAction","target":["https:\/\/photowalks.pt\/photography-tours-and-workshops\/discover-lisbon-with-a-photographer-private-tour\/"]}]},{"@type":"ImageObject","inLanguage":"pt-PT","@id":"https:\/\/photowalks.pt\/photography-tours-and-workshops\/discover-lisbon-with-a-photographer-private-tour\/#primaryimage","url":"https:\/\/photowalks.pt\/wp-content\/uploads\/2021\/07\/MAS26163.jpg","contentUrl":"https:\/\/photowalks.pt\/wp-content\/uploads\/2021\/07\/MAS26163.jpg","width":1200,"height":504},{"@type":"BreadcrumbList","@id":"https:\/\/photowalks.pt\/photography-tours-and-workshops\/discover-lisbon-with-a-photographer-private-tour\/#breadcrumb","itemListElement":[{"@type":"ListItem","position":1,"name":"Home","item":"https:\/\/photowalks.pt\/"},{"@type":"ListItem","position":2,"name":"Lisbon Photography Tours and Workshops","item":"https:\/\/photowalks.pt\/photography-tours-and-workshops\/"},{"@type":"ListItem","position":3,"name":"Discover Lisbon with a Photographer &#8211; Private Tour"}]},{"@type":"WebSite","@id":"https:\/\/photowalks.pt\/#website","url":"https:\/\/photowalks.pt\/","name":"Photowalks.pt - Tours e Workshops de Fotografia","description":"The best photography tours and workshops in Lisbon area and elsewhere.","publisher":{"@id":"https:\/\/photowalks.pt\/#organization"},"potentialAction":[{"@type":"SearchAction","target":{"@type":"EntryPoint","urlTemplate":"https:\/\/photowalks.pt\/?s={search_term_string}"},"query-input":{"@type":"PropertyValueSpecification","valueRequired":true,"valueName":"search_term_string"}}],"inLanguage":"pt-PT"},{"@type":"Organization","@id":"https:\/\/photowalks.pt\/#organization","name":"Photowalks.pt","url":"https:\/\/photowalks.pt\/","logo":{"@type":"ImageObject","inLanguage":"pt-PT","@id":"https:\/\/photowalks.pt\/#\/schema\/logo\/image\/","url":"https:\/\/photowalks.pt\/wp-content\/uploads\/2019\/05\/PW_logo_Hor_black_V2_wp-site.png","contentUrl":"https:\/\/photowalks.pt\/wp-content\/uploads\/2019\/05\/PW_logo_Hor_black_V2_wp-site.png","width":1559,"height":481,"caption":"Photowalks.pt"},"image":{"@id":"https:\/\/photowalks.pt\/#\/schema\/logo\/image\/"},"sameAs":["https:\/\/www.facebook.com\/PhotoWalksLisboa\/","https:\/\/x.com\/PhotowalksPt","https:\/\/www.instagram.com\/photowalkslisboa\/","https:\/\/www.linkedin.com\/company\/photowalks-pt","https:\/\/www.pinterest.pt\/miguelangelo1930\/"]}]}},"_links":{"self":[{"href":"https:\/\/photowalks.pt\/pt\/wp-json\/wp\/v2\/pages\/6541","targetHints":{"allow":["GET"]}}],"collection":[{"href":"https:\/\/photowalks.pt\/pt\/wp-json\/wp\/v2\/pages"}],"about":[{"href":"https:\/\/photowalks.pt\/pt\/wp-json\/wp\/v2\/types\/page"}],"author":[{"embeddable":true,"href":"https:\/\/photowalks.pt\/pt\/wp-json\/wp\/v2\/users\/1"}],"replies":[{"embeddable":true,"href":"https:\/\/photowalks.pt\/pt\/wp-json\/wp\/v2\/comments?post=6541"}],"version-history":[{"count":19,"href":"https:\/\/photowalks.pt\/pt\/wp-json\/wp\/v2\/pages\/6541\/revisions"}],"predecessor-version":[{"id":6749,"href":"https:\/\/photowalks.pt\/pt\/wp-json\/wp\/v2\/pages\/6541\/revisions\/6749"}],"up":[{"embeddable":true,"href":"https:\/\/photowalks.pt\/pt\/wp-json\/wp\/v2\/pages\/5049"}],"wp:featuredmedia":[{"embeddable":true,"href":"https:\/\/photowalks.pt\/pt\/wp-json\/wp\/v2\/media\/6561"}],"wp:attachment":[{"href":"https:\/\/photowalks.pt\/pt\/wp-json\/wp\/v2\/media?parent=6541"}],"curies":[{"name":"wp","href":"https:\/\/api.w.org\/{rel}","templated":true}]}}